{"id":1245,"date":"2023-11-09T05:31:48","date_gmt":"2023-11-09T04:31:48","guid":{"rendered":"https:\/\/c-cie.eu\/?page_id=1245"},"modified":"2026-04-26T23:31:00","modified_gmt":"2026-04-26T21:31:00","slug":"publications","status":"publish","type":"page","link":"https:\/\/c-cie.eu\/ru\/publications\/","title":{"rendered":"Publications FR"},"content":{"rendered":"<figure class=\"wp-block-image aligncenter size-full is-resized\"><img fetchpriority=\"high\" decoding=\"async\" width=\"1124\" height=\"842\" src=\"https:\/\/c-cie.eu\/wp-content\/uploads\/2023\/11\/Sans-titre-True-Color-01-3-1.jpg\" alt=\"\" class=\"wp-image-1718\" style=\"width:679px;height:auto\" srcset=\"https:\/\/c-cie.eu\/wp-content\/uploads\/2023\/11\/Sans-titre-True-Color-01-3-1.jpg 1124w, https:\/\/c-cie.eu\/wp-content\/uploads\/2023\/11\/Sans-titre-True-Color-01-3-1-300x225.jpg 300w, https:\/\/c-cie.eu\/wp-content\/uploads\/2023\/11\/Sans-titre-True-Color-01-3-1-1024x767.jpg 1024w, https:\/\/c-cie.eu\/wp-content\/uploads\/2023\/11\/Sans-titre-True-Color-01-3-1-768x575.jpg 768w, https:\/\/c-cie.eu\/wp-content\/uploads\/2023\/11\/Sans-titre-True-Color-01-3-1-16x12.jpg 16w\" sizes=\"(max-width: 1124px) 100vw, 1124px\" \/><\/figure>\n\n\n\n<p><\/p>\n\n\n\n<h2 class=\"wp-block-heading has-text-align-center has-text-color has-link-color has-large-font-size wp-elements-d0a868105ac4ac9f2a832be3a46749ba\" style=\"color:#14547c\">Publications &amp; interview \/\u041f\u0443\u0431\u043b\u0438\u043a\u0430\u0446\u0438\u0438 &amp; \u0438\u043d\u0442\u0435\u0440\u0432\u044c\u044e  <\/h2>\n\n\n\n<div style=\"height:90px\" aria-hidden=\"true\" class=\"wp-block-spacer\"><\/div>\n\n\n\n<h2 class=\"wp-block-heading has-vivid-red-color has-text-color has-link-color has-x-large-font-size wp-elements-037a5dddfc1c5f48321114f35bead2bc\">2026<\/h2>\n\n\n\n<h2 class=\"wp-block-heading has-medium-font-size\"><strong>Le 20<sup>\u00e8me<\/sup>\u00a0paquet de sanctions\u00a0: la r\u00e9action des march\u00e9s russes<\/strong> (04\/2026)<\/h2>\n\n\n\n<figure class=\"wp-block-image size-full is-resized\"><a href=\"https:\/\/c-cie.eu\/ru\/article-le-20e-paquet-de-sanctions\/\"><img decoding=\"async\" width=\"1402\" height=\"1122\" src=\"https:\/\/c-cie.eu\/wp-content\/uploads\/2026\/04\/3-6.jpg\" alt=\"\" class=\"wp-image-12605\" style=\"aspect-ratio:1.2495684340320592;width:631px;height:auto\" srcset=\"https:\/\/c-cie.eu\/wp-content\/uploads\/2026\/04\/3-6.jpg 1402w, https:\/\/c-cie.eu\/wp-content\/uploads\/2026\/04\/3-6-300x240.jpg 300w, https:\/\/c-cie.eu\/wp-content\/uploads\/2026\/04\/3-6-1024x819.jpg 1024w, https:\/\/c-cie.eu\/wp-content\/uploads\/2026\/04\/3-6-768x615.jpg 768w, https:\/\/c-cie.eu\/wp-content\/uploads\/2026\/04\/3-6-15x12.jpg 15w\" sizes=\"(max-width: 1402px) 100vw, 1402px\" \/><\/a><\/figure>\n\n\n\n<hr class=\"wp-block-separator has-alpha-channel-opacity is-style-dots\"\/>\n\n\n\n<h2 class=\"wp-block-heading has-black-color has-text-color has-link-color has-medium-font-size wp-elements-e605bbf1a81db03b31570550ea98809c\"><a href=\"https:\/\/my.radioalgerie.dz\/fr\/node\/49017\"><\/a><a href=\"https:\/\/my.radioalgerie.dz\/fr\/node\/49017\"><strong>Interview \u00e0 la radio \u00ab&nbsp;Alger-III&nbsp;\u00bb&nbsp;<\/strong><em>sur la position de la Russie dans la guerre en Iran (minutes 10:33-28:36)<\/em>&nbsp;(03\/2026)<br><\/a><\/h2>\n\n\n\n<figure class=\"wp-block-image size-full is-resized\"><a href=\"https:\/\/my.radioalgerie.dz\/fr\/node\/49017\"><img decoding=\"async\" width=\"1001\" height=\"412\" src=\"https:\/\/c-cie.eu\/wp-content\/uploads\/2026\/03\/13.02.23-1.jpg\" alt=\"\" class=\"wp-image-12416\" style=\"aspect-ratio:2.4296658702165588;width:634px;height:auto\" srcset=\"https:\/\/c-cie.eu\/wp-content\/uploads\/2026\/03\/13.02.23-1.jpg 1001w, https:\/\/c-cie.eu\/wp-content\/uploads\/2026\/03\/13.02.23-1-300x123.jpg 300w, https:\/\/c-cie.eu\/wp-content\/uploads\/2026\/03\/13.02.23-1-768x316.jpg 768w, https:\/\/c-cie.eu\/wp-content\/uploads\/2026\/03\/13.02.23-1-18x7.jpg 18w\" sizes=\"(max-width: 1001px) 100vw, 1001px\" \/><\/a><\/figure>\n\n\n\n<hr class=\"wp-block-separator has-alpha-channel-opacity is-style-dots\"\/>\n\n\n\n<h2 class=\"wp-block-heading has-black-color has-text-color has-link-color has-medium-font-size wp-elements-c7b5cea4cb6bf8748e863e752d3278fb\"><a href=\"https:\/\/c-cie.eu\/ru\/article-radio-sputnik-afrique-sanctions-europeennes-ont-restructure-economie-russe\/\">\u00ab\u00a0<strong>Les sanctions europ\u00e9ennes ont permis de restructurer l\u2019\u00e9conomie russe<\/strong>\u00a0\u00bb Radio Sputnik (03\/2026)<\/a> <\/h2>\n\n\n\n<figure class=\"wp-block-image size-full is-resized is-style-default\"><a href=\"https:\/\/fr.sputniknews.africa\/20260304\/les-sanctions-europeennes-ont-permis-de-restructurer-leconomie-russe-1083999484.html\"><img loading=\"lazy\" decoding=\"async\" width=\"1414\" height=\"947\" src=\"https:\/\/c-cie.eu\/wp-content\/uploads\/2026\/03\/00-1.jpg\" alt=\"\" class=\"wp-image-12256\" style=\"aspect-ratio:1.4927225929890895;width:633px;height:auto\" srcset=\"https:\/\/c-cie.eu\/wp-content\/uploads\/2026\/03\/00-1.jpg 1414w, https:\/\/c-cie.eu\/wp-content\/uploads\/2026\/03\/00-1-300x201.jpg 300w, https:\/\/c-cie.eu\/wp-content\/uploads\/2026\/03\/00-1-1024x686.jpg 1024w, https:\/\/c-cie.eu\/wp-content\/uploads\/2026\/03\/00-1-768x514.jpg 768w, https:\/\/c-cie.eu\/wp-content\/uploads\/2026\/03\/00-1-18x12.jpg 18w\" sizes=\"(max-width: 1414px) 100vw, 1414px\" \/><\/a><\/figure>\n\n\n\n<p class=\"has-text-color has-link-color wp-elements-4868d186d6013b2a51c449e47efd61e8\" style=\"color:#0044f0\"><em><strong><a href=\"https:\/\/c-cie.eu\/ru\/article-radio-sputnik-afrique-sanctions-europeennes-ont-restructure-economie-russe\/\">&lt; Transcription int\u00e9grale &gt;<\/a><\/strong><\/em><\/p>\n\n\n\n<hr class=\"wp-block-separator has-alpha-channel-opacity is-style-dots\"\/>\n\n\n\n<h2 class=\"wp-block-heading has-medium-font-size\"><strong>Aucune guerre ne vaut la mort d\u2019un seul enfant<\/strong> (03\/2026)<\/h2>\n\n\n\n<figure class=\"wp-block-image size-full is-resized is-style-default\"><a href=\"https:\/\/c-cie.eu\/ru\/article-aucune-guerre-ne-vaut-la-mort-dun-seul-enfant\/\"><img loading=\"lazy\" decoding=\"async\" width=\"1462\" height=\"716\" src=\"https:\/\/c-cie.eu\/wp-content\/uploads\/2026\/03\/0-3.jpg\" alt=\"\" class=\"wp-image-12277\" style=\"aspect-ratio:2.041941783688273;width:629px;height:auto\" srcset=\"https:\/\/c-cie.eu\/wp-content\/uploads\/2026\/03\/0-3.jpg 1462w, https:\/\/c-cie.eu\/wp-content\/uploads\/2026\/03\/0-3-300x147.jpg 300w, https:\/\/c-cie.eu\/wp-content\/uploads\/2026\/03\/0-3-1024x501.jpg 1024w, https:\/\/c-cie.eu\/wp-content\/uploads\/2026\/03\/0-3-768x376.jpg 768w, https:\/\/c-cie.eu\/wp-content\/uploads\/2026\/03\/0-3-18x9.jpg 18w\" sizes=\"(max-width: 1462px) 100vw, 1462px\" \/><\/a><\/figure>\n\n\n\n<hr class=\"wp-block-separator has-alpha-channel-opacity is-style-dots\"\/>\n\n\n\n<h2 class=\"wp-block-heading has-black-color has-text-color has-link-color has-medium-font-size wp-elements-ac95eb60eb86814af1f51c19215925cc\"><a href=\"https:\/\/c-cie.eu\/ru\/communique-de-presse\/\"><strong>Communiqu\u00e9 de presse<\/strong> : <strong><em>\u00ab&nbsp;Reporters Sans Fronti\u00e8res&nbsp;\u00bb est attaqu\u00e9 en justice pour diffusion des mensonges<\/em><\/strong><\/a> (02\/26)<\/h2>\n\n\n\n<figure class=\"wp-block-image size-full is-resized\"><a href=\"https:\/\/c-cie.eu\/ru\/communique-de-presse\/\"><img loading=\"lazy\" decoding=\"async\" width=\"1733\" height=\"1244\" src=\"https:\/\/c-cie.eu\/wp-content\/uploads\/2026\/02\/0-3.jpg\" alt=\"\" class=\"wp-image-12171\" style=\"aspect-ratio:1.3932056378749549;width:632px;height:auto\" srcset=\"https:\/\/c-cie.eu\/wp-content\/uploads\/2026\/02\/0-3.jpg 1733w, https:\/\/c-cie.eu\/wp-content\/uploads\/2026\/02\/0-3-300x215.jpg 300w, https:\/\/c-cie.eu\/wp-content\/uploads\/2026\/02\/0-3-1024x735.jpg 1024w, https:\/\/c-cie.eu\/wp-content\/uploads\/2026\/02\/0-3-768x551.jpg 768w, https:\/\/c-cie.eu\/wp-content\/uploads\/2026\/02\/0-3-1536x1103.jpg 1536w, https:\/\/c-cie.eu\/wp-content\/uploads\/2026\/02\/0-3-18x12.jpg 18w\" sizes=\"(max-width: 1733px) 100vw, 1733px\" \/><\/a><\/figure>\n\n\n\n<hr class=\"wp-block-separator has-alpha-channel-opacity is-style-dots\"\/>\n\n\n\n<h2 class=\"wp-block-heading has-medium-font-size\"><a href=\"https:\/\/fr.sputniknews.africa\/20260202\/lindependance-de-leurope-passe-par-la-restauration-des-relations-avec-la-russie-1083062452.html\"><strong>\u00ab\u00a0L\u2019ind\u00e9pendance de l\u2019Europe passe par la restauration des relations avec la Russie\u00a0\u00bb<\/strong><\/a> Radio Sputnik (01\/2026)<\/h2>\n\n\n\n<figure class=\"wp-block-embed alignleft is-type-video is-provider-youtube wp-block-embed-youtube wp-embed-aspect-16-9 wp-has-aspect-ratio\"><div class=\"wp-block-embed__wrapper\">\n<iframe title=\"Radio SPUTNIK Afrique \/Oleg Nesterenko \/extrait\" width=\"500\" height=\"281\" src=\"https:\/\/www.youtube.com\/embed\/bb5tZK5ThB0?feature=oembed\" frameborder=\"0\" allow=\"accelerometer; autoplay; clipboard-write; encrypted-media; gyroscope; picture-in-picture; web-share\" referrerpolicy=\"strict-origin-when-cross-origin\" allowfullscreen><\/iframe>\n<\/div><\/figure>\n\n\n\n<p class=\"has-text-color has-link-color has-medium-font-size wp-elements-08e3f6163ffdfe08c5d5d3743501303b\" style=\"color:#0044f0\"><a href=\"https:\/\/fr.sputniknews.africa\/20260202\/lindependance-de-leurope-passe-par-la-restauration-des-relations-avec-la-russie-1083062452.html\"><strong><em>Radio Sputnik Afrique<\/em><\/strong> \/30min<\/a><\/p>\n\n\n\n<p><\/p>\n\n\n\n<p><\/p>\n\n\n\n<p><\/p>\n\n\n\n<figure class=\"wp-block-audio\"><audio controls src=\"https:\/\/videon.img.ria.ru\/Out\/MP3\/20260202\/2026_02_02_DexTourx33x30MIN_krplphl3.pxl.mp3\"><\/audio><\/figure>\n\n\n\n<hr class=\"wp-block-separator has-alpha-channel-opacity is-style-dots\" style=\"margin-top:var(--wp--preset--spacing--60);margin-bottom:var(--wp--preset--spacing--60)\"\/>\n\n\n\n<h2 class=\"wp-block-heading has-black-color has-text-color has-link-color has-medium-font-size wp-elements-d18fc6d366fa5ea0af4b404b4454d11e\"><a href=\"https:\/\/c-cie.eu\/ru\/article-groenland\/\"><strong>Groenland \u2013 \u00c9tats-Unis \u2013 l\u2019UE&nbsp;: le bal de l\u2019hypocrisie<\/strong> (01\/2026)<\/a><\/h2>\n\n\n\n<figure class=\"wp-block-image size-full is-resized\"><a href=\"https:\/\/c-cie.eu\/ru\/article-groenland\/\"><img loading=\"lazy\" decoding=\"async\" width=\"1151\" height=\"744\" src=\"https:\/\/c-cie.eu\/wp-content\/uploads\/2026\/01\/1-6.jpg\" alt=\"\" class=\"wp-image-11869\" style=\"aspect-ratio:1.5468407014893668;width:629px;height:auto\" srcset=\"https:\/\/c-cie.eu\/wp-content\/uploads\/2026\/01\/1-6.jpg 1151w, https:\/\/c-cie.eu\/wp-content\/uploads\/2026\/01\/1-6-300x194.jpg 300w, https:\/\/c-cie.eu\/wp-content\/uploads\/2026\/01\/1-6-1024x662.jpg 1024w, https:\/\/c-cie.eu\/wp-content\/uploads\/2026\/01\/1-6-768x496.jpg 768w, https:\/\/c-cie.eu\/wp-content\/uploads\/2026\/01\/1-6-18x12.jpg 18w\" sizes=\"(max-width: 1151px) 100vw, 1151px\" \/><\/a><\/figure>\n\n\n\n<hr class=\"wp-block-separator has-alpha-channel-opacity is-style-dots\" style=\"margin-top:var(--wp--preset--spacing--60);margin-bottom:var(--wp--preset--spacing--60)\"\/>\n\n\n\n<h2 class=\"wp-block-heading has-vivid-red-color has-text-color has-link-color has-x-large-font-size wp-elements-a500b4c58759a10336df639e74125c3a\">2025<\/h2>\n\n\n\n<h2 class=\"wp-block-heading has-black-color has-text-color has-link-color has-medium-font-size wp-elements-3a3ccd3d2dd9245f7d6de10c3581451d\"><a><strong>Le futur de l\u2019arm\u00e9e ukrainienne&nbsp;: le zugzwang pour l\u2019UE<\/strong><\/a> (11\/2025)<\/h2>\n\n\n\n<figure class=\"wp-block-image size-full is-resized\"><a href=\"https:\/\/c-cie.eu\/ru\/article-le-futur-de-larmee-ukrainienne\/\"><img loading=\"lazy\" decoding=\"async\" width=\"608\" height=\"395\" src=\"https:\/\/c-cie.eu\/wp-content\/uploads\/2025\/12\/1-4.jpg\" alt=\"\" class=\"wp-image-11676\" style=\"width:631px;height:auto\" srcset=\"https:\/\/c-cie.eu\/wp-content\/uploads\/2025\/12\/1-4.jpg 608w, https:\/\/c-cie.eu\/wp-content\/uploads\/2025\/12\/1-4-300x195.jpg 300w, https:\/\/c-cie.eu\/wp-content\/uploads\/2025\/12\/1-4-18x12.jpg 18w\" sizes=\"(max-width: 608px) 100vw, 608px\" \/><\/a><\/figure>\n\n\n\n<hr class=\"wp-block-separator has-alpha-channel-opacity is-style-dots\"\/>\n\n\n\n<h2 class=\"wp-block-heading has-medium-font-size\"><strong>La flotte \u00ab&nbsp;fant\u00f4me&nbsp;\u00bb russe : mythes et r\u00e9alit\u00e9<\/strong> (10\/2025)<\/h2>\n\n\n\n<figure class=\"wp-block-image size-full is-resized\"><a href=\"https:\/\/c-cie.eu\/ru\/article-la-flotte-fantome-russe\/\"><img loading=\"lazy\" decoding=\"async\" width=\"1132\" height=\"710\" src=\"https:\/\/c-cie.eu\/wp-content\/uploads\/2025\/10\/1-6.jpg\" alt=\"\" class=\"wp-image-11508\" style=\"width:630px;height:auto\" srcset=\"https:\/\/c-cie.eu\/wp-content\/uploads\/2025\/10\/1-6.jpg 1132w, https:\/\/c-cie.eu\/wp-content\/uploads\/2025\/10\/1-6-300x188.jpg 300w, https:\/\/c-cie.eu\/wp-content\/uploads\/2025\/10\/1-6-1024x642.jpg 1024w, https:\/\/c-cie.eu\/wp-content\/uploads\/2025\/10\/1-6-768x482.jpg 768w, https:\/\/c-cie.eu\/wp-content\/uploads\/2025\/10\/1-6-18x12.jpg 18w\" sizes=\"(max-width: 1132px) 100vw, 1132px\" \/><\/a><\/figure>\n\n\n\n<hr class=\"wp-block-separator has-alpha-channel-opacity is-style-dots\"\/>\n\n\n\n<h2 class=\"wp-block-heading has-black-color has-text-color has-link-color has-medium-font-size wp-elements-f0fabacc34e232f3aaba09d16046e4a9\"><a><strong>Le retrait de la Conf\u00e9d\u00e9ration du Sahel de la CPI<\/strong><\/a>&nbsp;(09\/2025)<\/h2>\n\n\n\n<figure class=\"wp-block-image size-full is-resized\"><a href=\"https:\/\/c-cie.eu\/ru\/article-le-retrait-daes-de-la-cpi\/\"><img loading=\"lazy\" decoding=\"async\" width=\"1280\" height=\"720\" src=\"https:\/\/c-cie.eu\/wp-content\/uploads\/2025\/09\/CPI-2.jpg\" alt=\"\" class=\"wp-image-11289\" style=\"width:629px;height:auto\" srcset=\"https:\/\/c-cie.eu\/wp-content\/uploads\/2025\/09\/CPI-2.jpg 1280w, https:\/\/c-cie.eu\/wp-content\/uploads\/2025\/09\/CPI-2-300x169.jpg 300w, https:\/\/c-cie.eu\/wp-content\/uploads\/2025\/09\/CPI-2-1024x576.jpg 1024w, https:\/\/c-cie.eu\/wp-content\/uploads\/2025\/09\/CPI-2-768x432.jpg 768w, https:\/\/c-cie.eu\/wp-content\/uploads\/2025\/09\/CPI-2-18x10.jpg 18w\" sizes=\"(max-width: 1280px) 100vw, 1280px\" \/><\/a><\/figure>\n\n\n\n<hr class=\"wp-block-separator has-alpha-channel-opacity is-style-dots\"\/>\n\n\n\n<h2 class=\"wp-block-heading has-black-color has-text-color has-link-color has-medium-font-size wp-elements-42df3f246507f01e505aa2dcb264b850\"><a href=\"https:\/\/m.politnavigator.news\/otstavka-pravitelstva-francii-napjorstnichestvo-makrona-kak-ehto-povliyaet-na-ukrainu.html\/amp\" target=\"_blank\" rel=\"noreferrer noopener\"><strong>The French Government&rsquo;s Resignation Is Macron&rsquo;s Thimble Game<\/strong> <\/a>(09\/2025)<\/h2>\n\n\n\n<figure class=\"wp-block-image size-full is-resized\"><a href=\"https:\/\/m.politnavigator.news\/otstavka-pravitelstva-francii-napjorstnichestvo-makrona-kak-ehto-povliyaet-na-ukrainu.html\/amp\" target=\"_blank\" rel=\" noreferrer noopener\"><img loading=\"lazy\" decoding=\"async\" width=\"1506\" height=\"929\" src=\"https:\/\/c-cie.eu\/wp-content\/uploads\/2025\/09\/00.jpg\" alt=\"\" class=\"wp-image-11240\" style=\"width:634px;height:auto\" srcset=\"https:\/\/c-cie.eu\/wp-content\/uploads\/2025\/09\/00.jpg 1506w, https:\/\/c-cie.eu\/wp-content\/uploads\/2025\/09\/00-300x185.jpg 300w, https:\/\/c-cie.eu\/wp-content\/uploads\/2025\/09\/00-1024x632.jpg 1024w, https:\/\/c-cie.eu\/wp-content\/uploads\/2025\/09\/00-768x474.jpg 768w, https:\/\/c-cie.eu\/wp-content\/uploads\/2025\/09\/00-18x12.jpg 18w\" sizes=\"(max-width: 1506px) 100vw, 1506px\" \/><\/a><\/figure>\n\n\n\n<hr class=\"wp-block-separator has-alpha-channel-opacity is-style-dots\"\/>\n\n\n\n<h2 class=\"wp-block-heading has-medium-font-size\"><strong>\u00ab\u00a0Timeline. Interview with Oleg Nesterenko\u00a0\u00bb \/Russian<\/strong> \/<a href=\"https:\/\/www.youtube.com\/watch?v=_TRmX4F_UKQ\">traduction IA<\/a> \/Interview (09\/2025)<\/h2>\n\n\n\n<figure class=\"wp-block-image size-full is-resized\"><a href=\"https:\/\/www.youtube.com\/watch?v=riDoCFJuVLw&amp;t=2s\" target=\"_blank\" rel=\" noreferrer noopener\"><img loading=\"lazy\" decoding=\"async\" width=\"1513\" height=\"860\" src=\"https:\/\/c-cie.eu\/wp-content\/uploads\/2025\/09\/0-5.jpg\" alt=\"\" class=\"wp-image-11254\" style=\"width:633px;height:auto\" srcset=\"https:\/\/c-cie.eu\/wp-content\/uploads\/2025\/09\/0-5.jpg 1513w, https:\/\/c-cie.eu\/wp-content\/uploads\/2025\/09\/0-5-300x171.jpg 300w, https:\/\/c-cie.eu\/wp-content\/uploads\/2025\/09\/0-5-1024x582.jpg 1024w, https:\/\/c-cie.eu\/wp-content\/uploads\/2025\/09\/0-5-768x437.jpg 768w, https:\/\/c-cie.eu\/wp-content\/uploads\/2025\/09\/0-5-18x10.jpg 18w\" sizes=\"(max-width: 1513px) 100vw, 1513px\" \/><\/a><\/figure>\n\n\n\n<hr class=\"wp-block-separator has-alpha-channel-opacity is-style-dots\"\/>\n\n\n\n<h2 class=\"wp-block-heading has-black-color has-text-color has-link-color has-medium-font-size wp-elements-c2bd52edd8076532e3a927ada699a100\"><a><strong>\u00ab&nbsp;Les Reporters Sans Fronti\u00e8res&nbsp;\u00bb&nbsp;: qui sont-ils r\u00e9ellement&nbsp;?<\/strong><\/a>&nbsp;<strong>Le dossier<\/strong> (07\/2025)<\/h2>\n\n\n\n<figure class=\"wp-block-image size-full is-resized\"><a href=\"https:\/\/c-cie.eu\/ru\/article-rsf\/\"><img loading=\"lazy\" decoding=\"async\" width=\"737\" height=\"546\" src=\"https:\/\/c-cie.eu\/wp-content\/uploads\/2025\/07\/0-1.jpg\" alt=\"\" class=\"wp-image-10688\" style=\"width:627px;height:auto\" srcset=\"https:\/\/c-cie.eu\/wp-content\/uploads\/2025\/07\/0-1.jpg 737w, https:\/\/c-cie.eu\/wp-content\/uploads\/2025\/07\/0-1-300x222.jpg 300w, https:\/\/c-cie.eu\/wp-content\/uploads\/2025\/07\/0-1-16x12.jpg 16w\" sizes=\"(max-width: 737px) 100vw, 737px\" \/><\/a><\/figure>\n\n\n\n<p class=\"has-medium-font-size\"><strong><sub><em>English  &#8212;   Espa\u00f1ol  &#8212;  <a href=\"https:\/\/c-cie.eu\/ru\/article-rsf-portugais\/\" target=\"_blank\" rel=\"noreferrer noopener\">Portugu\u00eas <\/a> &#8212;   <a href=\"https:\/\/c-cie.eu\/ru\/11159-2\/\" target=\"_blank\" rel=\"noreferrer noopener\">\u0420\u0443\u0441\u0441\u043a\u0438\u0439<\/a><\/em><\/sub><\/strong><\/p>\n\n\n\n<hr class=\"wp-block-separator has-alpha-channel-opacity is-style-dots\"\/>\n\n\n\n<h2 class=\"wp-block-heading has-medium-font-size\"><strong><strong><strong>L\u2019Occident et le n\u00e9onazisme de la nouvelle g\u00e9n\u00e9ration<\/strong><\/strong> <\/strong>(06\/2025)<\/h2>\n\n\n\n<figure class=\"wp-block-image size-full is-resized\"><a href=\"https:\/\/c-cie.eu\/ru\/article-loccident-et-le-neonazisme\/\"><img loading=\"lazy\" decoding=\"async\" width=\"1264\" height=\"894\" src=\"https:\/\/c-cie.eu\/wp-content\/uploads\/2025\/06\/LATVIA-SS-2.jpg\" alt=\"\" class=\"wp-image-10626\" style=\"width:627px;height:auto\" srcset=\"https:\/\/c-cie.eu\/wp-content\/uploads\/2025\/06\/LATVIA-SS-2.jpg 1264w, https:\/\/c-cie.eu\/wp-content\/uploads\/2025\/06\/LATVIA-SS-2-300x212.jpg 300w, https:\/\/c-cie.eu\/wp-content\/uploads\/2025\/06\/LATVIA-SS-2-1024x724.jpg 1024w, https:\/\/c-cie.eu\/wp-content\/uploads\/2025\/06\/LATVIA-SS-2-768x543.jpg 768w, https:\/\/c-cie.eu\/wp-content\/uploads\/2025\/06\/LATVIA-SS-2-18x12.jpg 18w\" sizes=\"(max-width: 1264px) 100vw, 1264px\" \/><\/a><\/figure>\n\n\n\n<p><a href=\"https:\/\/c--cie-eu.translate.goog\/article-loccident-et-le-neonazisme\/?_x_tr_sl=fr&amp;_x_tr_tl=ru&amp;_x_tr_hl=fr&amp;_x_tr_pto=wapp\"><em><strong>\u0417\u0430\u043f\u0430\u0434 \u0438 \u043d\u0435\u043e\u043d\u0430\u0446\u0438\u0437\u043c \u043d\u043e\u0432\u043e\u0433\u043e \u043f\u043e\u043a\u043e\u043b\u0435\u043d\u0438\u044f<\/strong><\/em>&nbsp;<em>(\u043e\u043d\u043b\u0430\u0439\u043d \u043f\u0435\u0440\u0435\u0432\u043e\u0434)<\/em><\/a><\/p>\n\n\n\n<hr class=\"wp-block-separator has-alpha-channel-opacity is-style-dots\"\/>\n\n\n\n<h2 class=\"wp-block-heading has-medium-font-size\"><strong>La position de la Russie vis-\u00e0-vis de la guerre isra\u00e9lo-iranienne<\/strong> \/Interview (06\/2025)<\/h2>\n\n\n\n<figure class=\"wp-block-image size-full is-resized\"><img loading=\"lazy\" decoding=\"async\" width=\"1024\" height=\"576\" src=\"https:\/\/c-cie.eu\/wp-content\/uploads\/2025\/06\/1-07.jpg\" alt=\"\" class=\"wp-image-10605\" style=\"width:629px;height:auto\" srcset=\"https:\/\/c-cie.eu\/wp-content\/uploads\/2025\/06\/1-07.jpg 1024w, https:\/\/c-cie.eu\/wp-content\/uploads\/2025\/06\/1-07-300x169.jpg 300w, https:\/\/c-cie.eu\/wp-content\/uploads\/2025\/06\/1-07-768x432.jpg 768w, https:\/\/c-cie.eu\/wp-content\/uploads\/2025\/06\/1-07-18x10.jpg 18w\" sizes=\"(max-width: 1024px) 100vw, 1024px\" \/><\/figure>\n\n\n\n<hr class=\"wp-block-separator has-alpha-channel-opacity is-style-dots\"\/>\n\n\n\n<h2 class=\"wp-block-heading has-medium-font-size\"><strong>Frappe ukrainienne de l\u2019aviation strat\u00e9gique de Russie&nbsp;: les cons\u00e9quences pour le monde <\/strong>(06\/2025)<\/h2>\n\n\n\n<figure class=\"wp-block-image size-full is-resized\"><a href=\"https:\/\/c-cie.eu\/ru\/frappe-ukrainienne-de-laviation-strategique-de-russie\/\"><img loading=\"lazy\" decoding=\"async\" width=\"1682\" height=\"957\" src=\"https:\/\/c-cie.eu\/wp-content\/uploads\/2025\/06\/1-2.jpg\" alt=\"\" class=\"wp-image-9668\" style=\"width:628px;height:auto\" srcset=\"https:\/\/c-cie.eu\/wp-content\/uploads\/2025\/06\/1-2.jpg 1682w, https:\/\/c-cie.eu\/wp-content\/uploads\/2025\/06\/1-2-300x171.jpg 300w, https:\/\/c-cie.eu\/wp-content\/uploads\/2025\/06\/1-2-1024x583.jpg 1024w, https:\/\/c-cie.eu\/wp-content\/uploads\/2025\/06\/1-2-768x437.jpg 768w, https:\/\/c-cie.eu\/wp-content\/uploads\/2025\/06\/1-2-1536x874.jpg 1536w, https:\/\/c-cie.eu\/wp-content\/uploads\/2025\/06\/1-2-18x10.jpg 18w\" sizes=\"(max-width: 1682px) 100vw, 1682px\" \/><\/a><\/figure>\n\n\n\n<p><em><a href=\"https:\/\/c--cie-eu.translate.goog\/frappe-ukrainienne-de-laviation-strategique-de-russie\/?_x_tr_sl=fr&amp;_x_tr_tl=ru&amp;_x_tr_hl=fr&amp;_x_tr_pto=wapp\"> <strong>\u0423\u0434\u0430\u0440 \u0443\u043a\u0440\u0430\u0438\u043d\u044b \u043f\u043e \u0440\u043e\u0441\u0441\u0438\u0439\u0441\u043a\u043e\u0439 \u0441\u0442\u0440\u0430\u0442\u0435\u0433\u0438\u0447\u0435\u0441\u043a\u043e\u0439 \u0430\u0432\u0438\u0430\u0446\u0438\u0438 : \u043f\u043e\u0441\u043b\u0435\u0434\u0441\u0442\u0432\u0438\u044f \u0434\u043b\u044f \u043c\u0438\u0440\u0430<\/strong> (\u043e\u043d\u043b\u0430\u0439\u043d \u043f\u0435\u0440\u0435\u0432\u043e\u0434)<\/a><\/em><\/p>\n\n\n\n<hr class=\"wp-block-separator has-alpha-channel-opacity is-style-dots\" style=\"margin-top:var(--wp--preset--spacing--60);margin-bottom:var(--wp--preset--spacing--60)\"\/>\n\n\n\n<h2 class=\"wp-block-heading has-medium-font-size\"><strong><strong>Political scientist explains whether Moscow cares about the arrested Marine Le Pen <\/strong><\/strong> \/Interview (03\/2025)<\/h2>\n\n\n\n<figure class=\"wp-block-image size-full is-resized\"><a href=\"https:\/\/www.politnavigator.net\/politolog-obyasnil-est-li-delo-moskve-do-arestovannojj-marin-le-pen.html\"><img loading=\"lazy\" decoding=\"async\" width=\"1116\" height=\"982\" src=\"https:\/\/c-cie.eu\/wp-content\/uploads\/2025\/03\/0-46.jpg\" alt=\"\" class=\"wp-image-9002\" style=\"width:631px;height:auto\" srcset=\"https:\/\/c-cie.eu\/wp-content\/uploads\/2025\/03\/0-46.jpg 1116w, https:\/\/c-cie.eu\/wp-content\/uploads\/2025\/03\/0-46-300x264.jpg 300w, https:\/\/c-cie.eu\/wp-content\/uploads\/2025\/03\/0-46-1024x901.jpg 1024w, https:\/\/c-cie.eu\/wp-content\/uploads\/2025\/03\/0-46-768x676.jpg 768w, https:\/\/c-cie.eu\/wp-content\/uploads\/2025\/03\/0-46-14x12.jpg 14w\" sizes=\"(max-width: 1116px) 100vw, 1116px\" \/><\/a><\/figure>\n\n\n\n<hr class=\"wp-block-separator has-alpha-channel-opacity is-style-dots\" style=\"margin-top:var(--wp--preset--spacing--60);margin-bottom:var(--wp--preset--spacing--60)\"\/>\n\n\n\n<h2 class=\"wp-block-heading has-medium-font-size\"><strong><strong>Forces de \u00ab&nbsp;maintien de la paix&nbsp;\u00bb en Ukraine&nbsp;: <\/strong>les mensonges des Impuissances europ\u00e9ennes<\/strong> (03\/2025)<\/h2>\n\n\n\n<figure class=\"wp-block-image size-full is-resized\"><a href=\"https:\/\/c-cie.eu\/ru\/article-forces-de-maintien-de-la-paix\/\"><img loading=\"lazy\" decoding=\"async\" width=\"480\" height=\"317\" src=\"https:\/\/c-cie.eu\/wp-content\/uploads\/2025\/03\/Sans-titre-True-Color-01-2.jpg\" alt=\"\" class=\"wp-image-8963\" style=\"width:628px;height:auto\" srcset=\"https:\/\/c-cie.eu\/wp-content\/uploads\/2025\/03\/Sans-titre-True-Color-01-2.jpg 480w, https:\/\/c-cie.eu\/wp-content\/uploads\/2025\/03\/Sans-titre-True-Color-01-2-300x198.jpg 300w, https:\/\/c-cie.eu\/wp-content\/uploads\/2025\/03\/Sans-titre-True-Color-01-2-18x12.jpg 18w\" sizes=\"(max-width: 480px) 100vw, 480px\" \/><\/a><\/figure>\n\n\n\n<p class=\"has-cyan-bluish-gray-color has-text-color has-link-color wp-elements-54898fe4101b0ff0a4f77c4498329903\"><em><a href=\"https:\/\/c--cie-eu.translate.goog\/article-forces-de-maintien-de-la-paix\/?_x_tr_sl=fr&amp;_x_tr_tl=ru&amp;_x_tr_hl=fr&amp;_x_tr_pto=wapp\"><strong>\u00ab\u041c\u0438\u0440\u043e\u0442\u0432\u043e\u0440\u0447\u0435\u0441\u043a\u0438\u0435\u00bb \u0441\u0438\u043b\u044b \u043d\u0430 \u0423\u043a\u0440\u0430\u0438\u043d\u0435: \u043b\u043e\u0436\u044c \u0435\u0432\u0440\u043e\u043f\u0435\u0439\u0441\u043a\u043e\u0433\u043e \u0431\u0435\u0441\u0441\u0438\u043b\u0438\u044f<\/strong> (\u043e\u043d\u043b\u0430\u0439\u043d \u043f\u0435\u0440\u0435\u0432\u043e\u0434)<\/a><\/em><\/p>\n\n\n\n<hr class=\"wp-block-separator has-alpha-channel-opacity is-style-dots\" style=\"margin-top:var(--wp--preset--spacing--60);margin-bottom:var(--wp--preset--spacing--60)\"\/>\n\n\n\n<h2 class=\"wp-block-heading has-medium-font-size\"><strong>Clash Trump-Zelensky : la suspension de l\u2019aide militaire pour l\u2019Ukraine<\/strong> (03\/2025) <\/h2>\n\n\n\n<figure class=\"wp-block-image size-full is-resized\"><a href=\"https:\/\/c-cie.eu\/ru\/article-clash-trump-zelensky\/\"><img loading=\"lazy\" decoding=\"async\" width=\"1488\" height=\"996\" src=\"https:\/\/c-cie.eu\/wp-content\/uploads\/2025\/03\/1-3.jpg\" alt=\"\" class=\"wp-image-8680\" style=\"width:629px;height:auto\" srcset=\"https:\/\/c-cie.eu\/wp-content\/uploads\/2025\/03\/1-3.jpg 1488w, https:\/\/c-cie.eu\/wp-content\/uploads\/2025\/03\/1-3-300x201.jpg 300w, https:\/\/c-cie.eu\/wp-content\/uploads\/2025\/03\/1-3-1024x685.jpg 1024w, https:\/\/c-cie.eu\/wp-content\/uploads\/2025\/03\/1-3-768x514.jpg 768w, https:\/\/c-cie.eu\/wp-content\/uploads\/2025\/03\/1-3-18x12.jpg 18w\" sizes=\"(max-width: 1488px) 100vw, 1488px\" \/><\/a><\/figure>\n\n\n\n<p class=\"has-cyan-bluish-gray-color has-text-color has-link-color wp-elements-e1473a1a1506c2b4e27420431f4af05e\"><em><a href=\"https:\/\/c--cie-eu.translate.goog\/article-clash-trump-zelensky\/?_x_tr_sl=fr&amp;_x_tr_tl=ru&amp;_x_tr_hl=fr&amp;_x_tr_pto=wapp\"><strong>\u041a\u043e\u043d\u0444\u043b\u0438\u043a\u0442 \u0422\u0440\u0430\u043c\u043f\u0430 \u0438 \u0417\u0435\u043b\u0435\u043d\u0441\u043a\u043e\u0433\u043e: \u043f\u0440\u0438\u043e\u0441\u0442\u0430\u043d\u043e\u0432\u043a\u0430 \u0432\u043e\u0435\u043d\u043d\u043e\u0439 \u043f\u043e\u043c\u043e\u0449\u0438 \u0423\u043a\u0440\u0430\u0438\u043d\u0435<\/strong> (\u043e\u043d\u043b\u0430\u0439\u043d \u043f\u0435\u0440\u0435\u0432\u043e\u0434)<\/a><\/em><\/p>\n\n\n\n<hr class=\"wp-block-separator has-alpha-channel-opacity is-style-dots\" style=\"margin-top:var(--wp--preset--spacing--60);margin-bottom:var(--wp--preset--spacing--60)\"\/>\n\n\n\n<h2 class=\"wp-block-heading has-medium-font-size\"><strong>Le g\u00e9n\u00e9ral Zaloujny&nbsp;: candidat des n\u00e9o-nazis \u00e0 la pr\u00e9sidence ukrainienne<\/strong> (02\/2025)<\/h2>\n\n\n\n<figure class=\"wp-block-image size-full is-resized\"><a href=\"https:\/\/c-cie.eu\/ru\/article-general-zaloujny\/\"><img loading=\"lazy\" decoding=\"async\" width=\"1196\" height=\"836\" src=\"https:\/\/c-cie.eu\/wp-content\/uploads\/2025\/02\/Sans-titre-True-Color-01-1.jpg\" alt=\"\" class=\"wp-image-8468\" style=\"width:629px;height:auto\" srcset=\"https:\/\/c-cie.eu\/wp-content\/uploads\/2025\/02\/Sans-titre-True-Color-01-1.jpg 1196w, https:\/\/c-cie.eu\/wp-content\/uploads\/2025\/02\/Sans-titre-True-Color-01-1-300x210.jpg 300w, https:\/\/c-cie.eu\/wp-content\/uploads\/2025\/02\/Sans-titre-True-Color-01-1-1024x716.jpg 1024w, https:\/\/c-cie.eu\/wp-content\/uploads\/2025\/02\/Sans-titre-True-Color-01-1-768x537.jpg 768w, https:\/\/c-cie.eu\/wp-content\/uploads\/2025\/02\/Sans-titre-True-Color-01-1-18x12.jpg 18w\" sizes=\"(max-width: 1196px) 100vw, 1196px\" \/><\/a><\/figure>\n\n\n\n<p class=\"has-cyan-bluish-gray-color has-text-color has-link-color wp-elements-c4543dfb118196310fff40084b8f5610\"><span style=\"\"><a href=\"https:\/\/c--cie-eu.translate.goog\/article-general-zaloujny\/?_x_tr_sl=fr&amp;_x_tr_tl=ru&amp;_x_tr_hl=fr&amp;_x_tr_pto=wapp\"><b><i>\u0413\u0435\u043d\u0435\u0440\u0430\u043b \u0417\u0430\u043b\u0443\u0436\u043d\u044b\u0439: \u043a\u0430\u043d\u0434\u0438\u0434\u0430\u0442 <\/i><\/b><strong style=\"font-style: italic; font-weight: bold;\">\u043d\u0435\u043e\u043d\u0430\u0446\u0438\u0441\u0442<\/strong><\/a><\/span><strong><a href=\"https:\/\/c--cie-eu.translate.goog\/article-general-zaloujny\/?_x_tr_sl=fr&amp;_x_tr_tl=ru&amp;_x_tr_hl=fr&amp;_x_tr_pto=wapp\"><em>\u043e\u0432 <strong>\u043d\u0430 \u043f\u043e\u0441\u0442 \u043f\u0440\u0435\u0437\u0438\u0434\u0435\u043d\u0442\u0430 \u0423\u043a\u0440\u0430\u0438\u043d\u044b<\/strong> <\/em><\/a><\/strong><em><a href=\"https:\/\/c--cie-eu.translate.goog\/article-general-zaloujny\/?_x_tr_sl=fr&amp;_x_tr_tl=ru&amp;_x_tr_hl=fr&amp;_x_tr_pto=wapp\">(\u043e\u043d\u043b\u0430\u0439\u043d \u043f\u0435\u0440\u0435\u0432\u043e\u0434)<\/a><\/em><\/p>\n\n\n\n<hr class=\"wp-block-separator has-alpha-channel-opacity is-style-dots\" style=\"margin-top:var(--wp--preset--spacing--60);margin-bottom:var(--wp--preset--spacing--60)\"\/>\n\n\n\n<h2 class=\"wp-block-heading has-medium-font-size\"><strong>L\u2019Ukraine&nbsp;: la corruption. Le d\u00e9cryptage.<\/strong> (01\/2025) <\/h2>\n\n\n\n<figure class=\"wp-block-image size-full is-resized\"><a href=\"https:\/\/c-cie.eu\/ru\/article-lukraine-la-corruption\/\"><img loading=\"lazy\" decoding=\"async\" width=\"1280\" height=\"806\" src=\"https:\/\/c-cie.eu\/wp-content\/uploads\/2025\/01\/1-15.jpg\" alt=\"\" class=\"wp-image-8242\" style=\"width:630px;height:auto\" srcset=\"https:\/\/c-cie.eu\/wp-content\/uploads\/2025\/01\/1-15.jpg 1280w, https:\/\/c-cie.eu\/wp-content\/uploads\/2025\/01\/1-15-300x189.jpg 300w, https:\/\/c-cie.eu\/wp-content\/uploads\/2025\/01\/1-15-1024x645.jpg 1024w, https:\/\/c-cie.eu\/wp-content\/uploads\/2025\/01\/1-15-768x484.jpg 768w, https:\/\/c-cie.eu\/wp-content\/uploads\/2025\/01\/1-15-18x12.jpg 18w\" sizes=\"(max-width: 1280px) 100vw, 1280px\" \/><\/a><\/figure>\n\n\n\n<p class=\"has-cyan-bluish-gray-color has-text-color has-link-color wp-elements-8c34ce2e2d177cdbc47b6b891bebf934\"><a href=\"https:\/\/c--cie-eu.translate.goog\/article-lukraine-la-corruption\/?_x_tr_sl=fr&amp;_x_tr_tl=ru&amp;_x_tr_hl=fr&amp;_x_tr_pto=wapp\"><strong><em>\u0423\u043a\u0440\u0430\u0438\u043d\u0430: \u043a\u043e\u0440\u0440\u0443\u043f\u0446\u0438\u044f. \u0420\u0430\u0441\u0448\u0438\u0444\u0440\u043e\u0432\u043a\u0430.<\/em><\/strong> <em>(\u043e\u043d\u043b\u0430\u0439\u043d \u043f\u0435\u0440\u0435\u0432\u043e\u0434)<\/em><\/a><\/p>\n\n\n\n<hr class=\"wp-block-separator has-alpha-channel-opacity is-style-dots\" style=\"margin-top:var(--wp--preset--spacing--60);margin-bottom:var(--wp--preset--spacing--60)\"\/>\n\n\n\n<h2 class=\"wp-block-heading has-vivid-red-color has-text-color has-link-color has-x-large-font-size wp-elements-58bca00039996415f25287e18cba7821\">2024 <\/h2>\n\n\n\n<figure class=\"wp-block-image size-full is-resized\"><a href=\"https:\/\/c-cie.eu\/ru\/article-trump-otan-2025\/\"><img loading=\"lazy\" decoding=\"async\" width=\"768\" height=\"564\" src=\"https:\/\/c-cie.eu\/wp-content\/uploads\/2024\/12\/Capture-decran-le-2024-12-24-a-11.31-2.jpg\" alt=\"\" class=\"wp-image-7944\" style=\"width:628px;height:auto\" srcset=\"https:\/\/c-cie.eu\/wp-content\/uploads\/2024\/12\/Capture-decran-le-2024-12-24-a-11.31-2.jpg 768w, https:\/\/c-cie.eu\/wp-content\/uploads\/2024\/12\/Capture-decran-le-2024-12-24-a-11.31-2-300x220.jpg 300w, https:\/\/c-cie.eu\/wp-content\/uploads\/2024\/12\/Capture-decran-le-2024-12-24-a-11.31-2-16x12.jpg 16w\" sizes=\"(max-width: 768px) 100vw, 768px\" \/><\/a><\/figure>\n\n\n\n<h2 class=\"wp-block-heading has-medium-font-size\"><a href=\"https:\/\/www.geopolitika.ru\/article\/tramp-nato-2025\"><strong>\u0422\u0440\u0430\u043c\u043f \u2013 \u041d\u0410\u0422\u041e <\/strong>2025<\/a><\/h2>\n\n\n\n<hr class=\"wp-block-separator has-alpha-channel-opacity is-style-dots\" style=\"margin-top:var(--wp--preset--spacing--60);margin-bottom:var(--wp--preset--spacing--60)\"\/>\n\n\n\n<h2 class=\"wp-block-heading has-medium-font-size\"><strong>Le Royaume-Uni et ses crimes contre l\u2019humanit\u00e9 \u00e0 travers l\u2019histoire<\/strong> (11\/2024)<\/h2>\n\n\n\n<figure class=\"wp-block-image size-full is-resized\"><a href=\"https:\/\/c-cie.eu\/ru\/article-le-royaume-uni-et-ses-crimes-contre-lhumanite-a-travers-lhistoire\/\"><img loading=\"lazy\" decoding=\"async\" width=\"984\" height=\"645\" src=\"https:\/\/c-cie.eu\/wp-content\/uploads\/2024\/12\/4-2.jpg\" alt=\"\" class=\"wp-image-7668\" style=\"width:631px;height:auto\" srcset=\"https:\/\/c-cie.eu\/wp-content\/uploads\/2024\/12\/4-2.jpg 984w, https:\/\/c-cie.eu\/wp-content\/uploads\/2024\/12\/4-2-300x197.jpg 300w, https:\/\/c-cie.eu\/wp-content\/uploads\/2024\/12\/4-2-768x503.jpg 768w, https:\/\/c-cie.eu\/wp-content\/uploads\/2024\/12\/4-2-18x12.jpg 18w\" sizes=\"(max-width: 984px) 100vw, 984px\" \/><\/a><\/figure>\n\n\n\n<h2 class=\"wp-block-heading has-medium-font-size\"><strong><a href=\"https:\/\/c--cie-eu.translate.goog\/article-le-royaume-uni-et-ses-crimes-contre-lhumanite-a-travers-lhistoire\/?_x_tr_sl=fr&amp;_x_tr_tl=ru&amp;_x_tr_hl=fr&amp;_x_tr_pto=wapp\">\u0421\u043e\u0435\u0434\u0438\u043d\u0435\u043d\u043d\u043e\u0435 \u041a\u043e\u0440\u043e\u043b\u0435\u0432\u0441\u0442\u0432\u043e \u0438 \u0435\u0433\u043e \u043f\u0440\u0435\u0441\u0442\u0443\u043f\u043b\u0435\u043d\u0438\u044f \u043f\u0440\u043e\u0442\u0438\u0432 \u0447\u0435\u043b\u043e\u0432\u0435\u0447\u0435\u0441\u0442\u0432\u0430 <\/a><\/strong><em><a href=\"https:\/\/c--cie-eu.translate.goog\/article-le-royaume-uni-et-ses-crimes-contre-lhumanite-a-travers-lhistoire\/?_x_tr_sl=fr&amp;_x_tr_tl=ru&amp;_x_tr_hl=fr&amp;_x_tr_pto=wapp\">(\u043e\u043d\u043b\u0430\u0439\u043d \u043f\u0435\u0440\u0435\u0432\u043e\u0434)<\/a><\/em><\/h2>\n\n\n\n<hr class=\"wp-block-separator has-alpha-channel-opacity is-style-dots\" style=\"margin-top:var(--wp--preset--spacing--60);margin-bottom:var(--wp--preset--spacing--60)\"\/>\n\n\n\n<h2 class=\"wp-block-heading has-medium-font-size\"><strong>Marine Le Pen will be convicted and the party will go bankrupt <\/strong>\/Interview (11\/2024)<\/h2>\n\n\n\n<figure class=\"wp-block-image size-full is-resized\"><a href=\"https:\/\/www.politnavigator.net\/en\/zrya-pokatila-bochku-na-rossiyu-marin-le-pen-osudyat-a-partiyu-obankrotyat.html\"><img loading=\"lazy\" decoding=\"async\" width=\"1182\" height=\"1062\" src=\"https:\/\/c-cie.eu\/wp-content\/uploads\/2024\/11\/000.jpg\" alt=\"\" class=\"wp-image-7576\" style=\"width:631px;height:auto\" srcset=\"https:\/\/c-cie.eu\/wp-content\/uploads\/2024\/11\/000.jpg 1182w, https:\/\/c-cie.eu\/wp-content\/uploads\/2024\/11\/000-300x270.jpg 300w, https:\/\/c-cie.eu\/wp-content\/uploads\/2024\/11\/000-1024x920.jpg 1024w, https:\/\/c-cie.eu\/wp-content\/uploads\/2024\/11\/000-768x690.jpg 768w, https:\/\/c-cie.eu\/wp-content\/uploads\/2024\/11\/000-13x12.jpg 13w\" sizes=\"(max-width: 1182px) 100vw, 1182px\" \/><\/a><\/figure>\n\n\n\n<hr class=\"wp-block-separator has-alpha-channel-opacity is-style-dots\" style=\"margin-top:var(--wp--preset--spacing--60);margin-bottom:var(--wp--preset--spacing--60)\"\/>\n\n\n\n<h2 class=\"wp-block-heading has-medium-font-size\"><strong>La d\u00e9route de l\u2019arm\u00e9e ukrainienne<\/strong> (10\/2024)<\/h2>\n\n\n\n<figure class=\"wp-block-image size-full is-resized\"><a href=\"https:\/\/c-cie.eu\/ru\/article-la-deroute-de-larmee-ukrainienne\/\"><img loading=\"lazy\" decoding=\"async\" width=\"950\" height=\"514\" src=\"https:\/\/c-cie.eu\/wp-content\/uploads\/2024\/10\/AA-3.jpg\" alt=\"\" class=\"wp-image-7312\" style=\"width:633px;height:auto\" srcset=\"https:\/\/c-cie.eu\/wp-content\/uploads\/2024\/10\/AA-3.jpg 950w, https:\/\/c-cie.eu\/wp-content\/uploads\/2024\/10\/AA-3-300x162.jpg 300w, https:\/\/c-cie.eu\/wp-content\/uploads\/2024\/10\/AA-3-768x416.jpg 768w, https:\/\/c-cie.eu\/wp-content\/uploads\/2024\/10\/AA-3-18x10.jpg 18w\" sizes=\"(max-width: 950px) 100vw, 950px\" \/><\/a><\/figure>\n\n\n\n<h2 class=\"wp-block-heading has-cyan-bluish-gray-color has-text-color has-link-color has-medium-font-size wp-elements-26df52d57b230fca3510e8eb79aae743\"><strong><a href=\"https:\/\/c--cie-eu.translate.goog\/article-la-deroute-de-larmee-ukrainienne\/?_x_tr_sl=fr&amp;_x_tr_tl=ru&amp;_x_tr_hl=fr&amp;_x_tr_pto=wapp\">\u0414\u0435\u0433\u0440\u0430\u0434\u0430\u0446\u0438\u044f \u0443\u043a\u0440\u0430\u0438\u043d\u0441\u043a\u043e\u0439 \u0430\u0440\u043c\u0438\u0438 <\/a><\/strong><em><a href=\"https:\/\/c--cie-eu.translate.goog\/article-la-deroute-de-larmee-ukrainienne\/?_x_tr_sl=fr&amp;_x_tr_tl=ru&amp;_x_tr_hl=fr&amp;_x_tr_pto=wapp\">(\u043e\u043d\u043b\u0430\u0439\u043d \u043f\u0435\u0440\u0435\u0432\u043e\u0434)<\/a><\/em><\/h2>\n\n\n\n<hr class=\"wp-block-separator has-alpha-channel-opacity is-style-dots\" style=\"margin-top:var(--wp--preset--spacing--60);margin-bottom:var(--wp--preset--spacing--60)\"\/>\n\n\n\n<h2 class=\"wp-block-heading has-medium-font-size\"><strong>La France&nbsp;: en marche vers la r\u00e9cession<\/strong> (09\/2024) <\/h2>\n\n\n\n<figure class=\"wp-block-image size-full is-resized\"><a href=\"https:\/\/c-cie.eu\/ru\/article-la-france-en-marche-vers-la-recession\/\"><img loading=\"lazy\" decoding=\"async\" width=\"1566\" height=\"881\" src=\"https:\/\/c-cie.eu\/wp-content\/uploads\/2024\/09\/Capture.jpg\" alt=\"\" class=\"wp-image-7014\" style=\"width:633px;height:auto\" srcset=\"https:\/\/c-cie.eu\/wp-content\/uploads\/2024\/09\/Capture.jpg 1566w, https:\/\/c-cie.eu\/wp-content\/uploads\/2024\/09\/Capture-300x169.jpg 300w, https:\/\/c-cie.eu\/wp-content\/uploads\/2024\/09\/Capture-1024x576.jpg 1024w, https:\/\/c-cie.eu\/wp-content\/uploads\/2024\/09\/Capture-768x432.jpg 768w, https:\/\/c-cie.eu\/wp-content\/uploads\/2024\/09\/Capture-1536x864.jpg 1536w, https:\/\/c-cie.eu\/wp-content\/uploads\/2024\/09\/Capture-18x10.jpg 18w\" sizes=\"(max-width: 1566px) 100vw, 1566px\" \/><\/a><\/figure>\n\n\n\n<h2 class=\"wp-block-heading has-cyan-bluish-gray-color has-text-color has-link-color has-medium-font-size wp-elements-17a047e601dba8a4c85bffd7a8cd0ba0\"><strong><a href=\"https:\/\/www.geopolitika.ru\/article\/franciya-na-puti-k-ekonomicheskoy-recessii\">\u0424\u0440\u0430\u043d\u0446\u0438\u044f: \u043d\u0430 \u043f\u0443\u0442\u0438 \u043a \u044d\u043a\u043e\u043d\u043e\u043c\u0438\u0447\u0435\u0441\u043a\u043e\u0439 \u0440\u0435\u0446\u0435\u0441\u0441\u0438\u0438<\/a><\/strong><\/h2>\n\n\n\n<hr class=\"wp-block-separator has-alpha-channel-opacity is-style-dots\" style=\"margin-top:var(--wp--preset--spacing--60);margin-bottom:var(--wp--preset--spacing--60)\"\/>\n\n\n\n<h2 class=\"wp-block-heading has-medium-font-size\"><strong>Don&rsquo;t believe what they write about Durov. With France, his advisors set him up big time<\/strong> \/Interview (08\/2024) <\/h2>\n\n\n\n<figure class=\"wp-block-image size-full is-resized\"><a href=\"https:\/\/www.politnavigator.net\/en\/ne-verte-tomu-chto-pishut-pro-durova-s-franciejj-ego-krupno-podstavili-sovetniki.html\"><img loading=\"lazy\" decoding=\"async\" width=\"1274\" height=\"536\" src=\"https:\/\/c-cie.eu\/wp-content\/uploads\/2024\/08\/0-83.jpg\" alt=\"\" class=\"wp-image-6990\" style=\"width:633px;height:auto\" srcset=\"https:\/\/c-cie.eu\/wp-content\/uploads\/2024\/08\/0-83.jpg 1274w, https:\/\/c-cie.eu\/wp-content\/uploads\/2024\/08\/0-83-300x126.jpg 300w, https:\/\/c-cie.eu\/wp-content\/uploads\/2024\/08\/0-83-1024x431.jpg 1024w, https:\/\/c-cie.eu\/wp-content\/uploads\/2024\/08\/0-83-768x323.jpg 768w, https:\/\/c-cie.eu\/wp-content\/uploads\/2024\/08\/0-83-18x8.jpg 18w\" sizes=\"(max-width: 1274px) 100vw, 1274px\" \/><\/a><\/figure>\n\n\n\n<hr class=\"wp-block-separator has-alpha-channel-opacity is-style-dots\" style=\"margin-top:var(--wp--preset--spacing--60);margin-bottom:var(--wp--preset--spacing--60)\"\/>\n\n\n\n<h2 class=\"wp-block-heading has-medium-font-size\"><strong>Telegram founder Pavel Durov was detained in France<\/strong> \/Interview (08\/2024) <\/h2>\n\n\n\n<figure class=\"wp-block-image size-full is-resized\"><a href=\"https:\/\/www.politnavigator.net\/vo-francii-zaderzhan-osnovatel-telegram-pavel-durov-svyaz-v-zone-svo-pod-ugrozojj.html\"><img loading=\"lazy\" decoding=\"async\" width=\"1171\" height=\"376\" src=\"https:\/\/c-cie.eu\/wp-content\/uploads\/2024\/08\/0-77.jpg\" alt=\"\" class=\"wp-image-6940\" style=\"width:634px;height:auto\" srcset=\"https:\/\/c-cie.eu\/wp-content\/uploads\/2024\/08\/0-77.jpg 1171w, https:\/\/c-cie.eu\/wp-content\/uploads\/2024\/08\/0-77-300x96.jpg 300w, https:\/\/c-cie.eu\/wp-content\/uploads\/2024\/08\/0-77-1024x329.jpg 1024w, https:\/\/c-cie.eu\/wp-content\/uploads\/2024\/08\/0-77-768x247.jpg 768w, https:\/\/c-cie.eu\/wp-content\/uploads\/2024\/08\/0-77-18x6.jpg 18w\" sizes=\"(max-width: 1171px) 100vw, 1171px\" \/><\/a><\/figure>\n\n\n\n<hr class=\"wp-block-separator has-alpha-channel-opacity is-style-dots\" style=\"margin-top:var(--wp--preset--spacing--60);margin-bottom:var(--wp--preset--spacing--60)\"\/>\n\n\n\n<h2 class=\"wp-block-heading has-medium-font-size\"><strong>L\u2019Ukraine&nbsp;: l\u2019entrainement des groupes terroristes au Sahel, les mercenaires et l\u2019incursion en Russie <\/strong>(08\/2024)<\/h2>\n\n\n\n<figure class=\"wp-block-image size-full is-resized\"><a href=\"https:\/\/c-cie.eu\/ru\/article-ukraine-entrainement-des-terroristes-au-sahel\/\"><img loading=\"lazy\" decoding=\"async\" width=\"2208\" height=\"1117\" src=\"https:\/\/c-cie.eu\/wp-content\/uploads\/2024\/08\/1-7.jpg\" alt=\"\" class=\"wp-image-6767\" style=\"width:631px;height:auto\" srcset=\"https:\/\/c-cie.eu\/wp-content\/uploads\/2024\/08\/1-7.jpg 2208w, https:\/\/c-cie.eu\/wp-content\/uploads\/2024\/08\/1-7-300x152.jpg 300w, https:\/\/c-cie.eu\/wp-content\/uploads\/2024\/08\/1-7-1024x518.jpg 1024w, https:\/\/c-cie.eu\/wp-content\/uploads\/2024\/08\/1-7-768x389.jpg 768w, https:\/\/c-cie.eu\/wp-content\/uploads\/2024\/08\/1-7-1536x777.jpg 1536w, https:\/\/c-cie.eu\/wp-content\/uploads\/2024\/08\/1-7-2048x1036.jpg 2048w, https:\/\/c-cie.eu\/wp-content\/uploads\/2024\/08\/1-7-18x9.jpg 18w\" sizes=\"(max-width: 2208px) 100vw, 2208px\" \/><\/a><\/figure>\n\n\n\n<hr class=\"wp-block-separator has-alpha-channel-opacity is-style-dots\" style=\"margin-top:var(--wp--preset--spacing--60);margin-bottom:var(--wp--preset--spacing--60)\"\/>\n\n\n\n<h2 class=\"wp-block-heading has-medium-font-size\"><strong>In search of the truth <\/strong>\/Interview (08\/2024)<\/h2>\n\n\n\n<figure class=\"wp-block-image size-full is-resized\"><a href=\"https:\/\/www.youtube.com\/watch?v=1UDnqVNZs6g\"><img loading=\"lazy\" decoding=\"async\" width=\"1091\" height=\"573\" src=\"https:\/\/c-cie.eu\/wp-content\/uploads\/2024\/08\/Capture.jpg\" alt=\"\" class=\"wp-image-6734\" style=\"width:632px;height:auto\" srcset=\"https:\/\/c-cie.eu\/wp-content\/uploads\/2024\/08\/Capture.jpg 1091w, https:\/\/c-cie.eu\/wp-content\/uploads\/2024\/08\/Capture-300x158.jpg 300w, https:\/\/c-cie.eu\/wp-content\/uploads\/2024\/08\/Capture-1024x538.jpg 1024w, https:\/\/c-cie.eu\/wp-content\/uploads\/2024\/08\/Capture-768x403.jpg 768w, https:\/\/c-cie.eu\/wp-content\/uploads\/2024\/08\/Capture-18x9.jpg 18w\" sizes=\"(max-width: 1091px) 100vw, 1091px\" \/><\/a><\/figure>\n\n\n\n<hr class=\"wp-block-separator has-alpha-channel-opacity is-style-dots\" style=\"margin-top:var(--wp--preset--spacing--60);margin-bottom:var(--wp--preset--spacing--60)\"\/>\n\n\n\n<h2 class=\"wp-block-heading has-medium-font-size\"><strong>Les Jeux Olympiques de Paris&nbsp;: le championnat de la russophobie<\/strong> (07\/2024)<\/h2>\n\n\n\n<figure class=\"wp-block-image size-full is-resized\"><a href=\"https:\/\/c-cie.eu\/ru\/article-les-jeux-olympiques-de-paris-russophobie\/\"><img loading=\"lazy\" decoding=\"async\" width=\"1436\" height=\"820\" src=\"https:\/\/c-cie.eu\/wp-content\/uploads\/2024\/07\/0-8.jpg\" alt=\"\" class=\"wp-image-6452\" style=\"width:630px;height:auto\" srcset=\"https:\/\/c-cie.eu\/wp-content\/uploads\/2024\/07\/0-8.jpg 1436w, https:\/\/c-cie.eu\/wp-content\/uploads\/2024\/07\/0-8-300x171.jpg 300w, https:\/\/c-cie.eu\/wp-content\/uploads\/2024\/07\/0-8-1024x585.jpg 1024w, https:\/\/c-cie.eu\/wp-content\/uploads\/2024\/07\/0-8-768x439.jpg 768w, https:\/\/c-cie.eu\/wp-content\/uploads\/2024\/07\/0-8-18x10.jpg 18w\" sizes=\"(max-width: 1436px) 100vw, 1436px\" \/><\/a><\/figure>\n\n\n\n<hr class=\"wp-block-separator has-alpha-channel-opacity is-style-dots\" style=\"margin-top:var(--wp--preset--spacing--60);margin-bottom:var(--wp--preset--spacing--60)\"\/>\n\n\n\n<h2 class=\"wp-block-heading has-medium-font-size\"><strong>\u00a0\u00bb Que sait-on du bombardement de l&rsquo;h\u00f4pital pour enfants&nbsp;\u00e0&nbsp;kiev&nbsp;? \u00a0\u00bb <\/strong>(07\/2024)<\/h2>\n\n\n\n<figure class=\"wp-block-image size-full is-resized\"><a href=\"https:\/\/www.youtube.com\/watch?v=lThAC_PaEGE\"><img loading=\"lazy\" decoding=\"async\" width=\"1168\" height=\"657\" src=\"https:\/\/c-cie.eu\/wp-content\/uploads\/2024\/07\/1-5.jpg\" alt=\"\" class=\"wp-image-6399\" style=\"width:630px;height:auto\" srcset=\"https:\/\/c-cie.eu\/wp-content\/uploads\/2024\/07\/1-5.jpg 1168w, https:\/\/c-cie.eu\/wp-content\/uploads\/2024\/07\/1-5-300x169.jpg 300w, https:\/\/c-cie.eu\/wp-content\/uploads\/2024\/07\/1-5-1024x576.jpg 1024w, https:\/\/c-cie.eu\/wp-content\/uploads\/2024\/07\/1-5-768x432.jpg 768w, https:\/\/c-cie.eu\/wp-content\/uploads\/2024\/07\/1-5-18x10.jpg 18w\" sizes=\"(max-width: 1168px) 100vw, 1168px\" \/><\/a><\/figure>\n\n\n\n<hr class=\"wp-block-separator has-alpha-channel-opacity is-style-dots\" style=\"margin-top:var(--wp--preset--spacing--60);margin-bottom:var(--wp--preset--spacing--60)\"\/>\n\n\n\n<h2 class=\"wp-block-heading has-medium-font-size\"><strong>The left sensationally wins the second round of elections in France: this does not bode well for Russia<\/strong> \/Interview (07\/2024)  <\/h2>\n\n\n\n<figure class=\"wp-block-image size-full is-resized\"><a href=\"https:\/\/www.politnavigator.net\/en\/levye-sensacionno-vyigryvayut-vtorojj-tur-vyborov-vo-francii-rossii-ehto-ne-sulit-nichego-khoroshego.html\"><img loading=\"lazy\" decoding=\"async\" width=\"705\" height=\"369\" src=\"https:\/\/c-cie.eu\/wp-content\/uploads\/2024\/07\/000-1.jpg\" alt=\"\" class=\"wp-image-6392\" style=\"width:629px;height:auto\" srcset=\"https:\/\/c-cie.eu\/wp-content\/uploads\/2024\/07\/000-1.jpg 705w, https:\/\/c-cie.eu\/wp-content\/uploads\/2024\/07\/000-1-300x157.jpg 300w, https:\/\/c-cie.eu\/wp-content\/uploads\/2024\/07\/000-1-18x9.jpg 18w\" sizes=\"(max-width: 705px) 100vw, 705px\" \/><\/a><\/figure>\n\n\n\n<hr class=\"wp-block-separator has-alpha-channel-opacity is-style-dots\" style=\"margin-top:var(--wp--preset--spacing--60);margin-bottom:var(--wp--preset--spacing--60)\"\/>\n\n\n\n<h2 class=\"wp-block-heading has-medium-font-size\"><strong>Le D\u00e9bat pr\u00e9sidentiel : Trump versus Biden.<\/strong> <strong>Le d\u00e9cryptage vis-\u00e0-vis de la guerre en Ukraine<\/strong> (07\/2024)<\/h2>\n\n\n\n<figure class=\"wp-block-image size-full is-resized\"><a href=\"https:\/\/c-cie.eu\/ru\/article-le-debat-presidentiel-trump-versus-biden-2\/\"><img loading=\"lazy\" decoding=\"async\" width=\"1035\" height=\"693\" src=\"https:\/\/c-cie.eu\/wp-content\/uploads\/2024\/07\/1-2.jpg\" alt=\"\" class=\"wp-image-6378\" style=\"width:629px;height:auto\" srcset=\"https:\/\/c-cie.eu\/wp-content\/uploads\/2024\/07\/1-2.jpg 1035w, https:\/\/c-cie.eu\/wp-content\/uploads\/2024\/07\/1-2-300x201.jpg 300w, https:\/\/c-cie.eu\/wp-content\/uploads\/2024\/07\/1-2-1024x686.jpg 1024w, https:\/\/c-cie.eu\/wp-content\/uploads\/2024\/07\/1-2-768x514.jpg 768w, https:\/\/c-cie.eu\/wp-content\/uploads\/2024\/07\/1-2-18x12.jpg 18w\" sizes=\"(max-width: 1035px) 100vw, 1035px\" \/><\/a><\/figure>\n\n\n\n<h2 class=\"wp-block-heading has-cyan-bluish-gray-color has-text-color has-link-color has-medium-font-size wp-elements-626a60759c13d25d93f689b0783922a8\"><strong><a href=\"https:\/\/c--cie-eu.translate.goog\/ru\/article-le-debat-presidentiel-trump-versus-biden-2\/?_x_tr_sl=fr&amp;_x_tr_tl=ru&amp;_x_tr_hl=fr&amp;_x_tr_pto=wapp\">\u041f\u0440\u0435\u0437\u0438\u0434\u0435\u043d\u0442\u0441\u043a\u0438\u0435 \u0434\u0435\u0431\u0430\u0442\u044b: \u0422\u0440\u0430\u043c\u043f-\u0411\u0430\u0439\u0434\u0435\u043d.&nbsp;\u0420\u0430\u0441\u0448\u0438\u0444\u0440\u043e\u0432\u043a\u0430 \u0432 \u043a\u043e\u043d\u0442\u0435\u043a\u0441\u0442\u0435 \u043a\u043e\u043d\u0444\u043b\u0438\u043a\u0442\u0430 \u043d\u0430 \u0423\u043a\u0440\u0430\u0438\u043d\u0435 <\/a><\/strong><em><a href=\"https:\/\/c--cie-eu.translate.goog\/ru\/article-le-debat-presidentiel-trump-versus-biden-2\/?_x_tr_sl=fr&amp;_x_tr_tl=ru&amp;_x_tr_hl=fr&amp;_x_tr_pto=wapp\">(\u043e\u043d\u043b\u0430\u0439\u043d \u043f\u0435\u0440\u0435\u0432\u043e\u0434)<\/a><\/em><\/h2>\n\n\n\n<hr class=\"wp-block-separator has-alpha-channel-opacity is-style-dots\" style=\"margin-top:var(--wp--preset--spacing--60);margin-bottom:var(--wp--preset--spacing--60)\"\/>\n\n\n\n<h2 class=\"wp-block-heading has-medium-font-size\"><strong>Elections in France: Macron lost, but relations with Moscow are unlikely to improve <\/strong>\/Interview (07\/2024)<\/h2>\n\n\n\n<figure class=\"wp-block-image size-large is-resized\"><a href=\"https:\/\/www.politnavigator.net\/en\/vybory-vo-francii-makron-proigral-no-otnosheniya-s-moskvojj-vryad-li-naladyatsya.html\"><img loading=\"lazy\" decoding=\"async\" width=\"1024\" height=\"496\" src=\"https:\/\/c-cie.eu\/wp-content\/uploads\/2024\/07\/000--1024x496.jpg\" alt=\"\" class=\"wp-image-6358\" style=\"width:630px;height:auto\" srcset=\"https:\/\/c-cie.eu\/wp-content\/uploads\/2024\/07\/000--1024x496.jpg 1024w, https:\/\/c-cie.eu\/wp-content\/uploads\/2024\/07\/000--300x145.jpg 300w, https:\/\/c-cie.eu\/wp-content\/uploads\/2024\/07\/000--768x372.jpg 768w, https:\/\/c-cie.eu\/wp-content\/uploads\/2024\/07\/000--18x9.jpg 18w, https:\/\/c-cie.eu\/wp-content\/uploads\/2024\/07\/000-.jpg 1219w\" sizes=\"(max-width: 1024px) 100vw, 1024px\" \/><\/a><\/figure>\n\n\n\n<hr class=\"wp-block-separator has-alpha-channel-opacity is-style-dots\" style=\"margin-top:var(--wp--preset--spacing--60);margin-bottom:var(--wp--preset--spacing--60)\"\/>\n\n\n\n<h2 class=\"wp-block-heading has-medium-font-size\"><strong>La mascarade du \u00ab&nbsp;sommet&nbsp;\u00bb pour la paix en Ukraine : un nouveau fiasco de Zelensky<\/strong> (06\/2024) <\/h2>\n\n\n\n<figure class=\"wp-block-image size-full is-resized\"><a href=\"https:\/\/c-cie.eu\/ru\/article-mascarade-du-sommet-pour-la-paix-fiasco-de-zelensky\/\"><img loading=\"lazy\" decoding=\"async\" width=\"1143\" height=\"640\" src=\"https:\/\/c-cie.eu\/wp-content\/uploads\/2024\/06\/0-45.jpg\" alt=\"\" class=\"wp-image-6192\" style=\"width:629px;height:auto\" srcset=\"https:\/\/c-cie.eu\/wp-content\/uploads\/2024\/06\/0-45.jpg 1143w, https:\/\/c-cie.eu\/wp-content\/uploads\/2024\/06\/0-45-300x168.jpg 300w, https:\/\/c-cie.eu\/wp-content\/uploads\/2024\/06\/0-45-1024x573.jpg 1024w, https:\/\/c-cie.eu\/wp-content\/uploads\/2024\/06\/0-45-768x430.jpg 768w, https:\/\/c-cie.eu\/wp-content\/uploads\/2024\/06\/0-45-18x10.jpg 18w\" sizes=\"(max-width: 1143px) 100vw, 1143px\" \/><\/a><\/figure>\n\n\n\n<h2 class=\"wp-block-heading has-cyan-bluish-gray-color has-text-color has-link-color has-medium-font-size wp-elements-803a7b716037213857e1972d82c968ee\"><a href=\"https:\/\/c--cie-eu.translate.goog\/ru\/article-mascarade-du-sommet-pour-la-paix-fiasco-de-zelensky\/?_x_tr_sl=fr&amp;_x_tr_tl=ru&amp;_x_tr_hl=fr&amp;_x_tr_pto=wapp\"><strong>\u041c\u0430\u0441\u043a\u0430\u0440\u0430\u0434 \u00ab\u0441\u0430\u043c\u043c\u0438\u0442\u0430\u00bb \u0437\u0430 \u043c\u0438\u0440 \u0432 \u0423\u043a\u0440\u0430\u0438\u043d\u0435 : \u043d\u043e\u0432\u043e\u0435 \u0444\u0438\u0430\u0441\u043a\u043e \u0417\u0435\u043b\u0435\u043d\u0441\u043a\u043e\u0433\u043e<\/strong> <em>(\u043e\u043d\u043b\u0430\u0439\u043d \u043f\u0435\u0440\u0435\u0432\u043e\u0434)<\/em><br><\/a><\/h2>\n\n\n\n<hr class=\"wp-block-separator has-alpha-channel-opacity is-style-dots\" style=\"margin-top:var(--wp--preset--spacing--60);margin-bottom:var(--wp--preset--spacing--60)\"\/>\n\n\n\n<h2 class=\"wp-block-heading has-medium-font-size\"><strong>Le parti de Macron subit une lourde d\u00e9faite \u00e9lectorale <\/strong>\/Interview (06\/2024)<\/h2>\n\n\n\n<figure class=\"wp-block-image size-full is-resized\"><a href=\"https:\/\/www.politnavigator.net\/partiya-makrona-terpit-sereznoe-porazhenie-na-vyborakh-chto-ehto-menyaet-dlya-rossii.html\"><img loading=\"lazy\" decoding=\"async\" width=\"1312\" height=\"605\" src=\"https:\/\/c-cie.eu\/wp-content\/uploads\/2024\/06\/0-33.jpg\" alt=\"\" class=\"wp-image-6075\" style=\"width:629px;height:auto\" srcset=\"https:\/\/c-cie.eu\/wp-content\/uploads\/2024\/06\/0-33.jpg 1312w, https:\/\/c-cie.eu\/wp-content\/uploads\/2024\/06\/0-33-300x138.jpg 300w, https:\/\/c-cie.eu\/wp-content\/uploads\/2024\/06\/0-33-1024x472.jpg 1024w, https:\/\/c-cie.eu\/wp-content\/uploads\/2024\/06\/0-33-768x354.jpg 768w, https:\/\/c-cie.eu\/wp-content\/uploads\/2024\/06\/0-33-18x8.jpg 18w\" sizes=\"(max-width: 1312px) 100vw, 1312px\" \/><\/a><\/figure>\n\n\n\n<hr class=\"wp-block-separator has-text-color has-black-color has-alpha-channel-opacity has-black-background-color has-background is-style-dots\" style=\"margin-top:var(--wp--preset--spacing--60);margin-bottom:var(--wp--preset--spacing--60)\"\/>\n\n\n\n<h2 class=\"wp-block-heading has-medium-font-size\"><strong>L\u2019aide militaire Occidentale \u00e0 l\u2019Ukraine&nbsp;: le zugzwang<\/strong> (06\/2024) <\/h2>\n\n\n\n<figure class=\"wp-block-image size-full is-resized\"><a href=\"https:\/\/c-cie.eu\/ru\/laide-militaire-occidentale-a-lukraine\/\"><img loading=\"lazy\" decoding=\"async\" width=\"1142\" height=\"539\" src=\"https:\/\/c-cie.eu\/wp-content\/uploads\/2024\/06\/0-1.jpg\" alt=\"\" class=\"wp-image-5814\" style=\"width:628px;height:auto\" srcset=\"https:\/\/c-cie.eu\/wp-content\/uploads\/2024\/06\/0-1.jpg 1142w, https:\/\/c-cie.eu\/wp-content\/uploads\/2024\/06\/0-1-300x142.jpg 300w, https:\/\/c-cie.eu\/wp-content\/uploads\/2024\/06\/0-1-1024x483.jpg 1024w, https:\/\/c-cie.eu\/wp-content\/uploads\/2024\/06\/0-1-768x362.jpg 768w, https:\/\/c-cie.eu\/wp-content\/uploads\/2024\/06\/0-1-18x8.jpg 18w\" sizes=\"(max-width: 1142px) 100vw, 1142px\" \/><\/a><\/figure>\n\n\n\n<h2 class=\"wp-block-heading has-cyan-bluish-gray-color has-text-color has-link-color has-medium-font-size wp-elements-a48673fc65bc9e4b30c820c6b07e1f58\"><a href=\"https:\/\/c--cie-eu.translate.goog\/laide-militaire-occidentale-a-lukraine\/?_x_tr_sl=fr&amp;_x_tr_tl=ru&amp;_x_tr_hl=fr&amp;_x_tr_pto=wapp\"><em> <\/em><strong>\u0417\u0430\u043f\u0430\u0434\u043d\u0430\u044f \u0432\u043e\u0435\u043d\u043d\u0430\u044f \u043f\u043e\u043c\u043e\u0449\u044c \u0423\u043a\u0440\u0430\u0438\u043d\u0435: \u0446\u0443\u0433\u0446\u0432\u0430\u043d\u0433<\/strong> <em>(\u043e\u043d\u043b\u0430\u0439\u043d \u043f\u0435\u0440\u0435\u0432\u043e\u0434)<\/em><\/a><\/h2>\n\n\n\n<hr class=\"wp-block-separator has-alpha-channel-opacity is-style-dots\" style=\"margin-top:var(--wp--preset--spacing--60);margin-bottom:var(--wp--preset--spacing--60)\"\/>\n\n\n\n<h2 class=\"wp-block-heading has-medium-font-size\">\u00ab\u00a0<strong>La majorit\u00e9 des fran\u00e7ais est consciente que la Russie gagnera la guerre\u00a0\u00bb <\/strong><em>(rus\/anglais)<\/em> (05\/2024) \u00ab\u00a0Politnavigator\u00a0\u00bb<strong> <\/strong>\/Interview<strong> <\/strong><\/h2>\n\n\n\n<figure class=\"wp-block-image size-full is-resized\"><a href=\"https:\/\/www.politnavigator.net\/en\/bolshinstvu-vo-francii-uzhe-yasno-chto-rossiya-v-ehtojj-vojjne-pobedit.html\"><img loading=\"lazy\" decoding=\"async\" width=\"1265\" height=\"626\" src=\"https:\/\/c-cie.eu\/wp-content\/uploads\/2024\/05\/00.jpg\" alt=\"\" class=\"wp-image-5592\" style=\"width:629px;height:auto\" srcset=\"https:\/\/c-cie.eu\/wp-content\/uploads\/2024\/05\/00.jpg 1265w, https:\/\/c-cie.eu\/wp-content\/uploads\/2024\/05\/00-300x148.jpg 300w, https:\/\/c-cie.eu\/wp-content\/uploads\/2024\/05\/00-1024x507.jpg 1024w, https:\/\/c-cie.eu\/wp-content\/uploads\/2024\/05\/00-768x380.jpg 768w, https:\/\/c-cie.eu\/wp-content\/uploads\/2024\/05\/00-18x9.jpg 18w\" sizes=\"(max-width: 1265px) 100vw, 1265px\" \/><\/a><\/figure>\n\n\n\n<hr class=\"wp-block-separator has-alpha-channel-opacity is-style-dots\" style=\"margin-top:var(--wp--preset--spacing--60);margin-bottom:var(--wp--preset--spacing--60)\"\/>\n\n\n\n<h2 class=\"wp-block-heading has-medium-font-size\"><strong>Interview audio \u00e0 la publication \u00ab\u00a0Eclaireurs des Alpes\u00a0\u00bb <\/strong><em>sur la pr\u00e9sence militaire am\u00e9ricaine au Niger <\/em>(05\/2024)  <\/h2>\n\n\n\n<figure class=\"wp-block-image size-full is-resized\"><a href=\"https:\/\/eclaireur.substack.com\/p\/les-etats-unis-ont-subi-un-echec\"><img loading=\"lazy\" decoding=\"async\" width=\"1941\" height=\"720\" src=\"https:\/\/c-cie.eu\/wp-content\/uploads\/2024\/05\/Capture.jpg\" alt=\"\" class=\"wp-image-5558\" style=\"width:630px;height:auto\" srcset=\"https:\/\/c-cie.eu\/wp-content\/uploads\/2024\/05\/Capture.jpg 1941w, https:\/\/c-cie.eu\/wp-content\/uploads\/2024\/05\/Capture-300x111.jpg 300w, https:\/\/c-cie.eu\/wp-content\/uploads\/2024\/05\/Capture-1024x380.jpg 1024w, https:\/\/c-cie.eu\/wp-content\/uploads\/2024\/05\/Capture-768x285.jpg 768w, https:\/\/c-cie.eu\/wp-content\/uploads\/2024\/05\/Capture-1536x570.jpg 1536w, https:\/\/c-cie.eu\/wp-content\/uploads\/2024\/05\/Capture-18x7.jpg 18w\" sizes=\"(max-width: 1941px) 100vw, 1941px\" \/><\/a><\/figure>\n\n\n\n<hr class=\"wp-block-separator has-alpha-channel-opacity is-style-dots\" style=\"margin-top:var(--wp--preset--spacing--60);margin-bottom:var(--wp--preset--spacing--60)\"\/>\n\n\n\n<h2 class=\"wp-block-heading has-medium-font-size\"><strong>Interview \u00e0 la radio \u00ab\u00a0Alger-III\u00a0\u00bb <\/strong><em>sur la pr\u00e9sence militaire russe au Niger (minutes 15-26)<\/em> (05\/2024) <\/h2>\n\n\n\n<figure class=\"wp-block-image size-full is-resized\"><a href=\"https:\/\/my.radioalgerie.dz\/fr\/node\/26791\"><img loading=\"lazy\" decoding=\"async\" width=\"1933\" height=\"480\" src=\"https:\/\/c-cie.eu\/wp-content\/uploads\/2024\/05\/0.jpg\" alt=\"\" class=\"wp-image-5518\" style=\"width:630px;height:auto\" srcset=\"https:\/\/c-cie.eu\/wp-content\/uploads\/2024\/05\/0.jpg 1933w, https:\/\/c-cie.eu\/wp-content\/uploads\/2024\/05\/0-300x74.jpg 300w, https:\/\/c-cie.eu\/wp-content\/uploads\/2024\/05\/0-1024x254.jpg 1024w, https:\/\/c-cie.eu\/wp-content\/uploads\/2024\/05\/0-768x191.jpg 768w, https:\/\/c-cie.eu\/wp-content\/uploads\/2024\/05\/0-1536x381.jpg 1536w, https:\/\/c-cie.eu\/wp-content\/uploads\/2024\/05\/0-18x4.jpg 18w\" sizes=\"(max-width: 1933px) 100vw, 1933px\" \/><\/a><\/figure>\n\n\n\n<p><\/p>\n\n\n\n<h1 class=\"wp-block-heading has-medium-font-size\"><strong>\u0420\u043e\u0441\u0441\u0438\u0439\u0441\u043a\u043e\u0435 \u0438 \u0430\u043c\u0435\u0440\u0438\u043a\u0430\u043d\u0441\u043a\u043e\u0435 \u0432\u043e\u0435\u043d\u043d\u043e\u0435 \u043f\u0440\u0438\u0441\u0443\u0442\u0441\u0442\u0432\u0438\u0435 \u0432 \u041d\u0438\u0433\u0435\u0440\u0435<\/strong> \/Interview <\/h1>\n\n\n\n<figure class=\"wp-block-image size-full is-resized\"><a href=\"https:\/\/topwar.ru\/242215-rossijskoe-i-amerikanskoe-voennoe-prisutstvie-v-nigere.html\"><img loading=\"lazy\" decoding=\"async\" width=\"1733\" height=\"1128\" src=\"https:\/\/c-cie.eu\/wp-content\/uploads\/2024\/05\/base-Agadez.jpg\" alt=\"\" class=\"wp-image-5585\" style=\"width:627px;height:auto\" srcset=\"https:\/\/c-cie.eu\/wp-content\/uploads\/2024\/05\/base-Agadez.jpg 1733w, https:\/\/c-cie.eu\/wp-content\/uploads\/2024\/05\/base-Agadez-300x195.jpg 300w, https:\/\/c-cie.eu\/wp-content\/uploads\/2024\/05\/base-Agadez-1024x667.jpg 1024w, https:\/\/c-cie.eu\/wp-content\/uploads\/2024\/05\/base-Agadez-768x500.jpg 768w, https:\/\/c-cie.eu\/wp-content\/uploads\/2024\/05\/base-Agadez-1536x1000.jpg 1536w, https:\/\/c-cie.eu\/wp-content\/uploads\/2024\/05\/base-Agadez-18x12.jpg 18w\" sizes=\"(max-width: 1733px) 100vw, 1733px\" \/><\/a><\/figure>\n\n\n\n<p><a href=\"https:\/\/topwar.ru\/index.php?do=favorites&amp;doaction=add&amp;id=242215\"><em><\/em><\/a><\/p>\n\n\n\n<hr class=\"wp-block-separator has-alpha-channel-opacity is-style-dots\" style=\"margin-top:var(--wp--preset--spacing--60);margin-bottom:var(--wp--preset--spacing--60)\"\/>\n\n\n\n<h2 class=\"wp-block-heading has-medium-font-size\"><strong>La loi sur les \u00ab&nbsp;agents \u00e9trangers \u00bb \u2013 une le\u00e7on magistrale de l\u2019hypocrisie atlantiste<\/strong> (05\/2024) <\/h2>\n\n\n\n<figure class=\"wp-block-image size-full is-resized\"><a href=\"https:\/\/c-cie.eu\/ru\/article\/\"><img loading=\"lazy\" decoding=\"async\" width=\"750\" height=\"395\" src=\"https:\/\/c-cie.eu\/wp-content\/uploads\/2024\/05\/bandeau-20.jpg\" alt=\"\" class=\"wp-image-5530\" style=\"width:628px;height:auto\" srcset=\"https:\/\/c-cie.eu\/wp-content\/uploads\/2024\/05\/bandeau-20.jpg 750w, https:\/\/c-cie.eu\/wp-content\/uploads\/2024\/05\/bandeau-20-300x158.jpg 300w, https:\/\/c-cie.eu\/wp-content\/uploads\/2024\/05\/bandeau-20-18x9.jpg 18w\" sizes=\"(max-width: 750px) 100vw, 750px\" \/><\/a><\/figure>\n\n\n\n<h2 class=\"wp-block-heading has-medium-font-size\"><strong><a href=\"https:\/\/c--cie-eu.translate.goog\/article\/?_x_tr_sl=fr&amp;_x_tr_tl=ru&amp;_x_tr_hl=fr&amp;_x_tr_pto=wapp\">\u0417\u0430\u043a\u043e\u043d \u043e\u0431 \u00ab\u0438\u043d\u043e\u0441\u0442\u0440\u0430\u043d\u043d\u044b\u0445 \u0430\u0433\u0435\u043d\u0442\u0430\u0445\u00bb \u2013 \u0443\u0440\u043e\u043a \u0430\u0442\u043b\u0430\u043d\u0442\u0438\u0441\u0442\u0441\u043a\u043e\u0433\u043e \u043b\u0438\u0446\u0435\u043c\u0435\u0440\u0438\u044f<\/a><\/strong><em><a href=\"https:\/\/c--cie-eu.translate.goog\/article\/?_x_tr_sl=fr&amp;_x_tr_tl=ru&amp;_x_tr_hl=fr&amp;_x_tr_pto=wapp\">(\u043e\u043d\u043b\u0430\u0439\u043d \u043f\u0435\u0440\u0435\u0432\u043e\u0434)<\/a><\/em><\/h2>\n\n\n\n<hr class=\"wp-block-separator has-alpha-channel-opacity is-style-dots\" style=\"margin-top:var(--wp--preset--spacing--60);margin-bottom:var(--wp--preset--spacing--60)\"\/>\n\n\n\n<h2 class=\"wp-block-heading has-medium-font-size\"><strong>La livraison par la Russie au Niger des syst\u00e8mes de d\u00e9fenses antia\u00e9rienne<\/strong> (04\/2024)<\/h2>\n\n\n\n<figure class=\"wp-block-image size-full is-resized\"><a href=\"https:\/\/www.youtube.com\/watch?v=0MN_iMDGbxI\"><img loading=\"lazy\" decoding=\"async\" width=\"1204\" height=\"676\" src=\"https:\/\/c-cie.eu\/wp-content\/uploads\/2024\/04\/Capture-2.jpg\" alt=\"\" class=\"wp-image-5491\" style=\"width:627px;height:auto\" srcset=\"https:\/\/c-cie.eu\/wp-content\/uploads\/2024\/04\/Capture-2.jpg 1204w, https:\/\/c-cie.eu\/wp-content\/uploads\/2024\/04\/Capture-2-300x168.jpg 300w, https:\/\/c-cie.eu\/wp-content\/uploads\/2024\/04\/Capture-2-1024x575.jpg 1024w, https:\/\/c-cie.eu\/wp-content\/uploads\/2024\/04\/Capture-2-768x431.jpg 768w, https:\/\/c-cie.eu\/wp-content\/uploads\/2024\/04\/Capture-2-18x10.jpg 18w\" sizes=\"(max-width: 1204px) 100vw, 1204px\" \/><\/a><\/figure>\n\n\n\n<hr class=\"wp-block-separator has-alpha-channel-opacity is-style-dots\" style=\"margin-top:var(--wp--preset--spacing--60);margin-bottom:var(--wp--preset--spacing--60)\"\/>\n\n\n\n<h2 class=\"wp-block-heading has-medium-font-size\"><strong>Le massacre de Moscou<\/strong> (03\/2024)<\/h2>\n\n\n\n<figure class=\"wp-block-image size-full is-resized\"><a href=\"https:\/\/c-cie.eu\/ru\/article-le-massacre-de-moscou\/\"><img loading=\"lazy\" decoding=\"async\" width=\"1382\" height=\"777\" src=\"https:\/\/c-cie.eu\/wp-content\/uploads\/2024\/04\/1-7.jpg\" alt=\"\" class=\"wp-image-5424\" style=\"width:626px;height:auto\" srcset=\"https:\/\/c-cie.eu\/wp-content\/uploads\/2024\/04\/1-7.jpg 1382w, https:\/\/c-cie.eu\/wp-content\/uploads\/2024\/04\/1-7-300x169.jpg 300w, https:\/\/c-cie.eu\/wp-content\/uploads\/2024\/04\/1-7-1024x576.jpg 1024w, https:\/\/c-cie.eu\/wp-content\/uploads\/2024\/04\/1-7-768x432.jpg 768w, https:\/\/c-cie.eu\/wp-content\/uploads\/2024\/04\/1-7-18x10.jpg 18w\" sizes=\"(max-width: 1382px) 100vw, 1382px\" \/><\/a><\/figure>\n\n\n\n<h2 class=\"wp-block-heading has-medium-font-size\"><strong>\u0422\u0435\u0440\u0430\u043a\u0442 \u0432 \u00ab\u00a0\u041a\u0440\u043e\u043a\u0443\u0441\u0435\u00a0\u00bb<\/strong><em>(\u043e\u043d\u043b\u0430\u0439\u043d \u043f\u0435\u0440\u0435\u0432\u043e\u0434)<\/em><\/h2>\n\n\n\n<figure class=\"wp-block-image size-full is-resized\"><a href=\"https:\/\/c--cie-eu.translate.goog\/article-le-massacre-de-moscou\/?_x_tr_sl=auto&amp;_x_tr_tl=fr&amp;_x_tr_hl=fr&amp;_x_tr_pto=wapp\"><img loading=\"lazy\" decoding=\"async\" width=\"1548\" height=\"908\" src=\"https:\/\/c-cie.eu\/wp-content\/uploads\/2024\/04\/Sans-titre-True-Color-01-2.jpg\" alt=\"\" class=\"wp-image-5434\" style=\"width:626px;height:auto\" srcset=\"https:\/\/c-cie.eu\/wp-content\/uploads\/2024\/04\/Sans-titre-True-Color-01-2.jpg 1548w, https:\/\/c-cie.eu\/wp-content\/uploads\/2024\/04\/Sans-titre-True-Color-01-2-300x176.jpg 300w, https:\/\/c-cie.eu\/wp-content\/uploads\/2024\/04\/Sans-titre-True-Color-01-2-1024x601.jpg 1024w, https:\/\/c-cie.eu\/wp-content\/uploads\/2024\/04\/Sans-titre-True-Color-01-2-768x450.jpg 768w, https:\/\/c-cie.eu\/wp-content\/uploads\/2024\/04\/Sans-titre-True-Color-01-2-1536x901.jpg 1536w, https:\/\/c-cie.eu\/wp-content\/uploads\/2024\/04\/Sans-titre-True-Color-01-2-18x12.jpg 18w\" sizes=\"(max-width: 1548px) 100vw, 1548px\" \/><\/a><\/figure>\n\n\n\n<hr class=\"wp-block-separator aligncenter has-alpha-channel-opacity is-style-dots\" style=\"margin-top:var(--wp--preset--spacing--60);margin-bottom:var(--wp--preset--spacing--60)\"\/>\n\n\n\n<h2 class=\"wp-block-heading has-medium-font-size\"><strong>La Confiscation des actifs russes serait une victoire strat\u00e9gique de Moscou <\/strong>(02\/2024)<\/h2>\n\n\n\n<figure class=\"wp-block-image size-full is-resized\"><a href=\"https:\/\/c-cie.eu\/ru\/article-la-confiscation-des-actifs-russesarticle\/\"><img loading=\"lazy\" decoding=\"async\" width=\"900\" height=\"504\" src=\"https:\/\/c-cie.eu\/wp-content\/uploads\/2024\/02\/Poutine-1.png\" alt=\"\" class=\"wp-image-5122\" style=\"width:627px;height:auto\" srcset=\"https:\/\/c-cie.eu\/wp-content\/uploads\/2024\/02\/Poutine-1.png 900w, https:\/\/c-cie.eu\/wp-content\/uploads\/2024\/02\/Poutine-1-300x168.png 300w, https:\/\/c-cie.eu\/wp-content\/uploads\/2024\/02\/Poutine-1-768x430.png 768w, https:\/\/c-cie.eu\/wp-content\/uploads\/2024\/02\/Poutine-1-18x10.png 18w\" sizes=\"(max-width: 900px) 100vw, 900px\" \/><\/a><\/figure>\n\n\n\n<h2 class=\"wp-block-heading has-medium-font-size\"><strong>\u041a\u043e\u043d\u0444\u0438\u0441\u043a\u0430\u0446\u0438\u044f \u0440\u043e\u0441\u0441\u0438\u0439\u0441\u043a\u0438\u0445 \u0430\u043a\u0442\u0438\u0432\u043e\u0432 \u0441\u0442\u0430\u043d\u0435\u0442 \u0441\u0442\u0440\u0430\u0442\u0435\u0433\u0438\u0447\u0435\u0441\u043a\u043e\u0439 \u043f\u043e\u0431\u0443\u0434\u043e\u0439 \u041c\u043e\u0441\u043a\u0432\u044b<\/strong><\/h2>\n\n\n\n<figure class=\"wp-block-image size-full is-resized\"><a href=\"https:\/\/topwar.ru\/236753-konfiskacija-rossijskih-aktivov-stanet-strategicheskoj-pobedoj-moskvy.html\"><img loading=\"lazy\" decoding=\"async\" width=\"620\" height=\"348\" src=\"https:\/\/c-cie.eu\/wp-content\/uploads\/2024\/02\/2402-38-1.jpeg\" alt=\"\" class=\"wp-image-5126\" style=\"width:628px;height:auto\" srcset=\"https:\/\/c-cie.eu\/wp-content\/uploads\/2024\/02\/2402-38-1.jpeg 620w, https:\/\/c-cie.eu\/wp-content\/uploads\/2024\/02\/2402-38-1-300x168.jpeg 300w, https:\/\/c-cie.eu\/wp-content\/uploads\/2024\/02\/2402-38-1-18x10.jpeg 18w\" sizes=\"(max-width: 620px) 100vw, 620px\" \/><\/a><\/figure>\n\n\n\n<hr class=\"wp-block-separator aligncenter has-alpha-channel-opacity is-style-dots\" style=\"margin-top:var(--wp--preset--spacing--60);margin-bottom:var(--wp--preset--spacing--60)\"\/>\n\n\n\n<h2 class=\"wp-block-heading has-vivid-red-color has-text-color has-link-color has-x-large-font-size wp-elements-1ebfcf27c6d6c4d47e5744fd89f8c7e4\">2023<\/h2>\n\n\n\n<h2 class=\"wp-block-heading has-ast-global-color-6-color has-text-color has-link-color has-medium-font-size wp-elements-8a5085531917d3ecdffb9854856d74e9\"><strong>La guerre en Ukraine \u2013 Gen\u00e8se<\/strong>  (01\/2023)<\/h2>\n\n\n\n<figure class=\"wp-block-image size-large is-resized\"><a href=\"https:\/\/c-cie.eu\/ru\/le-conflit-en-ukraine-genese\/\"><img loading=\"lazy\" decoding=\"async\" width=\"1024\" height=\"483\" src=\"https:\/\/c-cie.eu\/wp-content\/uploads\/2023\/11\/0-7-1024x483.jpg\" alt=\"\" class=\"wp-image-1254\" style=\"width:628px;height:auto\" srcset=\"https:\/\/c-cie.eu\/wp-content\/uploads\/2023\/11\/0-7-1024x483.jpg 1024w, https:\/\/c-cie.eu\/wp-content\/uploads\/2023\/11\/0-7-300x142.jpg 300w, https:\/\/c-cie.eu\/wp-content\/uploads\/2023\/11\/0-7-768x362.jpg 768w, https:\/\/c-cie.eu\/wp-content\/uploads\/2023\/11\/0-7-18x8.jpg 18w, https:\/\/c-cie.eu\/wp-content\/uploads\/2023\/11\/0-7.jpg 1142w\" sizes=\"(max-width: 1024px) 100vw, 1024px\" \/><\/a><\/figure>\n\n\n\n<p><\/p>\n\n\n\n<h2 class=\"wp-block-heading has-medium-font-size\"><strong>\u041a\u043e\u043d\u0444\u043b\u0438\u043a\u0442 \u043d\u0430 \u0423\u043a\u0440\u0430\u0438\u043d\u0435. \u0413\u0435\u043d\u0435\u0437\u0438\u0441<\/strong><\/h2>\n\n\n\n<figure class=\"wp-block-image size-full is-resized\"><a href=\"https:\/\/www.geopolitika.ru\/article\/konflikt-na-ukraine-genezis\"><img loading=\"lazy\" decoding=\"async\" width=\"746\" height=\"420\" src=\"https:\/\/c-cie.eu\/wp-content\/uploads\/2023\/11\/photo1666795575-1.jpeg\" alt=\"\" class=\"wp-image-1276\" style=\"width:629px;height:auto\" srcset=\"https:\/\/c-cie.eu\/wp-content\/uploads\/2023\/11\/photo1666795575-1.jpeg 746w, https:\/\/c-cie.eu\/wp-content\/uploads\/2023\/11\/photo1666795575-1-300x169.jpeg 300w, https:\/\/c-cie.eu\/wp-content\/uploads\/2023\/11\/photo1666795575-1-18x10.jpeg 18w\" sizes=\"(max-width: 746px) 100vw, 746px\" \/><\/a><\/figure>\n\n\n\n<hr class=\"wp-block-separator aligncenter has-alpha-channel-opacity is-style-dots\" style=\"margin-top:var(--wp--preset--spacing--60);margin-bottom:var(--wp--preset--spacing--60)\"\/>\n\n\n\n<h2 class=\"wp-block-heading has-ast-global-color-6-color has-text-color has-link-color has-medium-font-size wp-elements-85d556091fac8e9b2bc8ab0ca10b164a\"><strong><a><strong>\u00ab&nbsp;L\u2019Accord c\u00e9r\u00e9alier&nbsp;\u00bb. Les sommets du cynisme<\/strong><\/a><\/strong>  (10\/2023)<\/h2>\n\n\n\n<figure class=\"wp-block-image size-large is-resized\"><a href=\"https:\/\/c-cie.eu\/ru\/article-accord-cerealier\/\"><img loading=\"lazy\" decoding=\"async\" width=\"1024\" height=\"683\" src=\"https:\/\/c-cie.eu\/wp-content\/uploads\/2023\/11\/1-8-1024x683.jpg\" alt=\"\" class=\"wp-image-1547\" style=\"width:629px;height:auto\" srcset=\"https:\/\/c-cie.eu\/wp-content\/uploads\/2023\/11\/1-8-1024x683.jpg 1024w, https:\/\/c-cie.eu\/wp-content\/uploads\/2023\/11\/1-8-300x200.jpg 300w, https:\/\/c-cie.eu\/wp-content\/uploads\/2023\/11\/1-8-768x512.jpg 768w, https:\/\/c-cie.eu\/wp-content\/uploads\/2023\/11\/1-8-1536x1024.jpg 1536w, https:\/\/c-cie.eu\/wp-content\/uploads\/2023\/11\/1-8-2048x1365.jpg 2048w, https:\/\/c-cie.eu\/wp-content\/uploads\/2023\/11\/1-8-18x12.jpg 18w\" sizes=\"(max-width: 1024px) 100vw, 1024px\" \/><\/a><\/figure>\n\n\n\n<p><\/p>\n\n\n\n<h2 class=\"wp-block-heading has-medium-font-size\"><strong>\u0417\u0435\u0440\u043d\u043e\u0432\u0430\u044f \u0441\u0434\u0435\u043b\u043a\u0430. \u0412\u0435\u0440\u0448\u0438\u043d\u044b \u0446\u0438\u043d\u0438\u0437\u043c\u0430&nbsp;<\/strong><em>(\u043e\u043d\u043b\u0430\u0439\u043d \u043f\u0435\u0440\u0435\u0432\u043e\u0434)<\/em><\/h2>\n\n\n\n<figure class=\"wp-block-image size-large is-resized\"><a href=\"https:\/\/c--cie-eu.translate.goog\/article-accord-cerealier\/?_x_tr_sl=fr&amp;_x_tr_tl=ru&amp;_x_tr_hl=ru&amp;_x_tr_pto=wapp\"><img loading=\"lazy\" decoding=\"async\" width=\"1024\" height=\"683\" src=\"https:\/\/c-cie.eu\/wp-content\/uploads\/2023\/11\/1-92-1024x683.jpg\" alt=\"\" class=\"wp-image-3507\" style=\"width:627px;height:auto\" srcset=\"https:\/\/c-cie.eu\/wp-content\/uploads\/2023\/11\/1-92-1024x683.jpg 1024w, https:\/\/c-cie.eu\/wp-content\/uploads\/2023\/11\/1-92-300x200.jpg 300w, https:\/\/c-cie.eu\/wp-content\/uploads\/2023\/11\/1-92-768x512.jpg 768w, https:\/\/c-cie.eu\/wp-content\/uploads\/2023\/11\/1-92-1536x1024.jpg 1536w, https:\/\/c-cie.eu\/wp-content\/uploads\/2023\/11\/1-92-2048x1365.jpg 2048w, https:\/\/c-cie.eu\/wp-content\/uploads\/2023\/11\/1-92-18x12.jpg 18w\" sizes=\"(max-width: 1024px) 100vw, 1024px\" \/><\/a><\/figure>\n\n\n\n<hr class=\"wp-block-separator has-alpha-channel-opacity is-style-dots\" style=\"margin-top:var(--wp--preset--spacing--60);margin-bottom:var(--wp--preset--spacing--60)\"\/>\n\n\n\n<h1 class=\"wp-block-heading has-ast-global-color-3-color has-text-color has-link-color has-medium-font-size wp-elements-c92870f9165d7f989c6d1e65c72a7d19\"><strong>Le \u00ab&nbsp;Tribunal pour l&rsquo;Ukraine&nbsp;\u00bb&nbsp;ou la chasse aux sorci\u00e8res \u00e0 l&rsquo;occidentale<\/strong>  (03\/2023)<\/h1>\n\n\n\n<figure class=\"wp-block-image size-full is-resized\"><a href=\"https:\/\/c-cie.eu\/ru\/tribunal-pour-lukraine\/\"><img loading=\"lazy\" decoding=\"async\" width=\"800\" height=\"467\" src=\"https:\/\/c-cie.eu\/wp-content\/uploads\/2023\/11\/101-1.webp\" alt=\"\" class=\"wp-image-1283\" style=\"width:628px;height:auto\" srcset=\"https:\/\/c-cie.eu\/wp-content\/uploads\/2023\/11\/101-1.webp 800w, https:\/\/c-cie.eu\/wp-content\/uploads\/2023\/11\/101-1-300x175.webp 300w, https:\/\/c-cie.eu\/wp-content\/uploads\/2023\/11\/101-1-768x448.webp 768w, https:\/\/c-cie.eu\/wp-content\/uploads\/2023\/11\/101-1-18x12.webp 18w\" sizes=\"(max-width: 800px) 100vw, 800px\" \/><\/a><\/figure>\n\n\n\n<h1 class=\"wp-block-heading has-ast-global-color-3-color has-text-color has-link-color has-medium-font-size wp-elements-c3583d337d1ecaa76f96d4af1ba515da\"><strong><strong>\u00ab <\/strong>\u0421\u0443\u0434 <strong>\u00bb<\/strong> \u043d\u0430\u0434 \u0420\u043e\u0441\u0441\u0438\u0435\u0439 \u0438\u043b\u0438 \u0437\u0430\u043f\u0430\u0434\u043d\u0430\u044f \u043e\u0445\u043e\u0442\u0430 \u043d\u0430 \u0432\u0435\u0434\u044c\u043c<\/strong><\/h1>\n\n\n\n<figure class=\"wp-block-image size-full is-resized\"><a href=\"https:\/\/www.geopolitika.ru\/article\/sud-na-rossiey-ili-zapadnaya-ohota-na-vedm\"><img loading=\"lazy\" decoding=\"async\" width=\"746\" height=\"420\" src=\"https:\/\/c-cie.eu\/wp-content\/uploads\/2023\/11\/retraite-avocat-1.jpg\" alt=\"\" class=\"wp-image-1285\" style=\"width:626px;height:auto\" srcset=\"https:\/\/c-cie.eu\/wp-content\/uploads\/2023\/11\/retraite-avocat-1.jpg 746w, https:\/\/c-cie.eu\/wp-content\/uploads\/2023\/11\/retraite-avocat-1-300x169.jpg 300w, https:\/\/c-cie.eu\/wp-content\/uploads\/2023\/11\/retraite-avocat-1-18x10.jpg 18w\" sizes=\"(max-width: 746px) 100vw, 746px\" \/><\/a><\/figure>\n\n\n\n<hr class=\"wp-block-separator has-alpha-channel-opacity is-style-dots\" style=\"margin-top:var(--wp--preset--spacing--60);margin-bottom:var(--wp--preset--spacing--60)\"\/>\n\n\n\n<h2 class=\"wp-block-heading has-medium-font-size\"><strong>\u00ab\u00a0Sans le coup d&rsquo;Etat de 2014, l&rsquo;Ukraine vivrait en paix\u00a0\u00bb <\/strong>\/1\u00e8re partie (05\/2023) \/Interview <\/h2>\n\n\n\n<figure class=\"wp-block-image size-full is-resized\"><a href=\"https:\/\/eclaireur.substack.com\/p\/sans-le-coup-detat-de-2014-lukraine\"><img loading=\"lazy\" decoding=\"async\" width=\"940\" height=\"679\" src=\"https:\/\/c-cie.eu\/wp-content\/uploads\/2023\/11\/1-14.jpg\" alt=\"\" class=\"wp-image-1721\" style=\"width:627px;height:auto\" srcset=\"https:\/\/c-cie.eu\/wp-content\/uploads\/2023\/11\/1-14.jpg 940w, https:\/\/c-cie.eu\/wp-content\/uploads\/2023\/11\/1-14-300x217.jpg 300w, https:\/\/c-cie.eu\/wp-content\/uploads\/2023\/11\/1-14-768x555.jpg 768w, https:\/\/c-cie.eu\/wp-content\/uploads\/2023\/11\/1-14-18x12.jpg 18w\" sizes=\"(max-width: 940px) 100vw, 940px\" \/><\/a><\/figure>\n\n\n\n<h2 class=\"wp-block-heading has-medium-font-size\"><strong>\u201d La guerre en Ukraine, c&rsquo;est la guerre du dollar \u201d <\/strong>\/2\u00e8me partie (06\/2023) \/Interview <\/h2>\n\n\n\n<figure class=\"wp-block-image size-full is-resized\"><a href=\"https:\/\/eclaireur.substack.com\/p\/la-guerre-en-ukraine-cest-la-guerre\"><img loading=\"lazy\" decoding=\"async\" width=\"933\" height=\"678\" src=\"https:\/\/c-cie.eu\/wp-content\/uploads\/2023\/11\/2-6.jpg\" alt=\"\" class=\"wp-image-1722\" style=\"width:627px;height:auto\" srcset=\"https:\/\/c-cie.eu\/wp-content\/uploads\/2023\/11\/2-6.jpg 933w, https:\/\/c-cie.eu\/wp-content\/uploads\/2023\/11\/2-6-300x218.jpg 300w, https:\/\/c-cie.eu\/wp-content\/uploads\/2023\/11\/2-6-768x558.jpg 768w, https:\/\/c-cie.eu\/wp-content\/uploads\/2023\/11\/2-6-18x12.jpg 18w\" sizes=\"(max-width: 933px) 100vw, 933px\" \/><\/a><\/figure>\n\n\n\n<h2 class=\"wp-block-heading has-medium-font-size\"><strong>\u00a0\u00bb En France, la libert\u00e9 d&rsquo;expression n&rsquo;est qu&rsquo;un r\u00e9cit pr\u00e9-format\u00e9 et pr\u00e9-conditionn\u00e9\u00a0\u00bb<\/strong> \/3\u00e8me partie (06\/2023) \/Interview <\/h2>\n\n\n\n<figure class=\"wp-block-image size-full is-resized\"><a href=\"https:\/\/eclaireur.substack.com\/p\/en-france-la-liberte-dexpression\"><img loading=\"lazy\" decoding=\"async\" width=\"940\" height=\"788\" src=\"https:\/\/c-cie.eu\/wp-content\/uploads\/2023\/11\/3-5.jpg\" alt=\"\" class=\"wp-image-1723\" style=\"width:628px;height:auto\" srcset=\"https:\/\/c-cie.eu\/wp-content\/uploads\/2023\/11\/3-5.jpg 940w, https:\/\/c-cie.eu\/wp-content\/uploads\/2023\/11\/3-5-300x251.jpg 300w, https:\/\/c-cie.eu\/wp-content\/uploads\/2023\/11\/3-5-768x644.jpg 768w, https:\/\/c-cie.eu\/wp-content\/uploads\/2023\/11\/3-5-14x12.jpg 14w\" sizes=\"(max-width: 940px) 100vw, 940px\" \/><\/a><\/figure>\n\n\n\n<h2 class=\"wp-block-heading has-medium-font-size\"><strong>\u00ab\u0411\u0435\u0437 \u0433\u043e\u0441\u043f\u0435\u0440\u0435\u0432\u043e\u0440\u043e\u0442\u0430 \u0432 2014 \u0423\u043a\u0440\u0430\u0438\u043d\u0430 \u0436\u0438\u043b\u0430 \u0431\u044b \u0432 \u043c\u0438\u0440\u0435\u00bb<\/strong> \/Interview <\/h2>\n\n\n\n<figure class=\"wp-block-image size-full is-resized\"><a href=\"https:\/\/topwar.ru\/218534-bez-gosperevorota-v-2014-ukraina-zhila-by-v-mire-chast-1-3.html\"><img loading=\"lazy\" decoding=\"async\" width=\"952\" height=\"553\" src=\"https:\/\/c-cie.eu\/wp-content\/uploads\/2023\/11\/1-15.jpg\" alt=\"\" class=\"wp-image-1727\" style=\"width:629px;height:auto\" srcset=\"https:\/\/c-cie.eu\/wp-content\/uploads\/2023\/11\/1-15.jpg 952w, https:\/\/c-cie.eu\/wp-content\/uploads\/2023\/11\/1-15-300x174.jpg 300w, https:\/\/c-cie.eu\/wp-content\/uploads\/2023\/11\/1-15-768x446.jpg 768w, https:\/\/c-cie.eu\/wp-content\/uploads\/2023\/11\/1-15-18x10.jpg 18w\" sizes=\"(max-width: 952px) 100vw, 952px\" \/><\/a><\/figure>\n\n\n\n<h2 class=\"wp-block-heading has-medium-font-size\"><strong>\u00ab\u041a\u043e\u043d\u0444\u043b\u0438\u043a\u0442 \u043d\u0430 \u0423\u043a\u0440\u0430\u0438\u043d\u0435 \u2013 \u044d\u0442\u043e \u0432\u043e\u0439\u043d\u0430 \u0430\u043c\u0435\u0440\u0438\u043a\u0430\u043d\u0441\u043a\u043e\u0433\u043e \u0434\u043e\u043b\u043b\u0430\u0440\u0430\u00bb<\/strong> \/Interview <\/h2>\n\n\n\n<figure class=\"wp-block-image size-full is-resized\"><a href=\"https:\/\/topwar.ru\/218804-konflikt-v-ukraine-jeto-vojna-amerikanskogo-dollara.html\"><img loading=\"lazy\" decoding=\"async\" width=\"951\" height=\"555\" src=\"https:\/\/c-cie.eu\/wp-content\/uploads\/2023\/11\/2-7.jpg\" alt=\"\" class=\"wp-image-1728\" style=\"width:630px;height:auto\" srcset=\"https:\/\/c-cie.eu\/wp-content\/uploads\/2023\/11\/2-7.jpg 951w, https:\/\/c-cie.eu\/wp-content\/uploads\/2023\/11\/2-7-300x175.jpg 300w, https:\/\/c-cie.eu\/wp-content\/uploads\/2023\/11\/2-7-768x448.jpg 768w, https:\/\/c-cie.eu\/wp-content\/uploads\/2023\/11\/2-7-18x12.jpg 18w\" sizes=\"(max-width: 951px) 100vw, 951px\" \/><\/a><\/figure>\n\n\n\n<h2 class=\"wp-block-heading has-medium-font-size\"><strong>\u00ab\u0417\u0430\u043f\u0430\u0434\u043d\u0430\u044f \u0441\u0432\u043e\u0431\u043e\u0434\u0430 \u0441\u043b\u043e\u0432\u0430 \u2013 \u044d\u0442\u043e \u043b\u0438\u0448\u044c \u043e\u0442\u0444\u043e\u0440\u043c\u0430\u0442\u0438\u0440\u043e\u0432\u0430\u043d\u043d\u044b\u0439 \u043d\u0430\u0440\u0440\u0430\u0442\u0438\u0432\u00bb. \u041a\u043e\u043d\u0444\u043b\u0438\u043a\u0442 \u043d\u0430 \u0423\u043a\u0440\u0430\u0438\u043d\u0435<\/strong> \/Interview <\/h2>\n\n\n\n<figure class=\"wp-block-image size-full is-resized\"><a href=\"https:\/\/topwar.ru\/219057-zapadnaja-svoboda-slova-jeto-lish-otformatirovannyj-narrativ-konflikt-na-ukraine.html\"><img loading=\"lazy\" decoding=\"async\" width=\"961\" height=\"558\" src=\"https:\/\/c-cie.eu\/wp-content\/uploads\/2023\/11\/3-6.jpg\" alt=\"\" class=\"wp-image-1729\" style=\"width:629px;height:auto\" srcset=\"https:\/\/c-cie.eu\/wp-content\/uploads\/2023\/11\/3-6.jpg 961w, https:\/\/c-cie.eu\/wp-content\/uploads\/2023\/11\/3-6-300x174.jpg 300w, https:\/\/c-cie.eu\/wp-content\/uploads\/2023\/11\/3-6-768x446.jpg 768w, https:\/\/c-cie.eu\/wp-content\/uploads\/2023\/11\/3-6-18x10.jpg 18w\" sizes=\"(max-width: 961px) 100vw, 961px\" \/><\/a><\/figure>\n\n\n\n<hr class=\"wp-block-separator has-alpha-channel-opacity is-style-dots\" style=\"margin-top:var(--wp--preset--spacing--60);margin-bottom:var(--wp--preset--spacing--60)\"\/>\n\n\n\n<h2 class=\"wp-block-heading has-ast-global-color-6-color has-text-color has-link-color has-medium-font-size wp-elements-a1f07f991e3d84c23b731a99e6d08305\"><a><strong>La fin du trait\u00e9 \u00ab&nbsp;START-II&nbsp;\u00bb&nbsp;: la poursuite du d\u00e9clin de l&rsquo;Europe<\/strong><\/a>   (03\/2023)<\/h2>\n\n\n\n<figure class=\"wp-block-image size-full is-resized\"><a href=\"https:\/\/c-cie.eu\/ru\/article-la-fin-du-traite-start-ii\/\"><img loading=\"lazy\" decoding=\"async\" width=\"740\" height=\"431\" src=\"https:\/\/c-cie.eu\/wp-content\/uploads\/2023\/11\/RI407-2.webp\" alt=\"\" class=\"wp-image-1520\" style=\"width:627px;height:auto\" srcset=\"https:\/\/c-cie.eu\/wp-content\/uploads\/2023\/11\/RI407-2.webp 740w, https:\/\/c-cie.eu\/wp-content\/uploads\/2023\/11\/RI407-2-300x175.webp 300w, https:\/\/c-cie.eu\/wp-content\/uploads\/2023\/11\/RI407-2-18x10.webp 18w\" sizes=\"(max-width: 740px) 100vw, 740px\" \/><\/a><\/figure>\n\n\n\n<h1 class=\"wp-block-heading has-ast-global-color-6-color has-text-color has-link-color has-medium-font-size wp-elements-a260a72bfa10a82e3b0d2a2e13719d21\"><strong>\u041a\u043e\u043d\u0435\u0446 \u0434\u043e\u0433\u043e\u0432\u043e\u0440\u0430 \u00ab \u0421\u041d\u0412-III \u00bb : \u043f\u0440\u043e\u0434\u043e\u043b\u0436\u0435\u043d\u0438\u0435 \u0437\u0430\u043a\u0430\u0442\u0430 \u0415\u0432\u0440\u043e\u043f\u044b<\/strong><\/h1>\n\n\n\n<figure class=\"wp-block-image size-full is-resized\"><a href=\"https:\/\/www.geopolitika.ru\/article\/konec-dogovora-snv-iii-prodolzhenie-zakata-evropy\"><img loading=\"lazy\" decoding=\"async\" width=\"746\" height=\"420\" src=\"https:\/\/c-cie.eu\/wp-content\/uploads\/2023\/11\/rakety_1.jpg\" alt=\"\" class=\"wp-image-1523\" style=\"width:624px;height:auto\" srcset=\"https:\/\/c-cie.eu\/wp-content\/uploads\/2023\/11\/rakety_1.jpg 746w, https:\/\/c-cie.eu\/wp-content\/uploads\/2023\/11\/rakety_1-300x169.jpg 300w, https:\/\/c-cie.eu\/wp-content\/uploads\/2023\/11\/rakety_1-18x10.jpg 18w\" sizes=\"(max-width: 746px) 100vw, 746px\" \/><\/a><\/figure>\n\n\n\n<hr class=\"wp-block-separator has-alpha-channel-opacity is-style-dots\" style=\"margin-top:var(--wp--preset--spacing--60);margin-bottom:var(--wp--preset--spacing--60)\"\/>\n\n\n\n<h2 class=\"wp-block-heading has-medium-font-size\"><strong>TICE&nbsp;: la Russie r\u00e9voque sa ratification<\/strong>  (10\/2023)<\/h2>\n\n\n\n<figure class=\"wp-block-image size-large is-resized\"><a href=\"https:\/\/c-cie.eu\/ru\/article-tice\/\"><img loading=\"lazy\" decoding=\"async\" width=\"1024\" height=\"626\" src=\"https:\/\/c-cie.eu\/wp-content\/uploads\/2023\/11\/revocation-tice-douma-1-1024x626.webp\" alt=\"\" class=\"wp-image-1687\" style=\"width:623px;height:auto\" srcset=\"https:\/\/c-cie.eu\/wp-content\/uploads\/2023\/11\/revocation-tice-douma-1-1024x626.webp 1024w, https:\/\/c-cie.eu\/wp-content\/uploads\/2023\/11\/revocation-tice-douma-1-300x184.webp 300w, https:\/\/c-cie.eu\/wp-content\/uploads\/2023\/11\/revocation-tice-douma-1-768x470.webp 768w, https:\/\/c-cie.eu\/wp-content\/uploads\/2023\/11\/revocation-tice-douma-1-18x12.webp 18w, https:\/\/c-cie.eu\/wp-content\/uploads\/2023\/11\/revocation-tice-douma-1.webp 1440w\" sizes=\"(max-width: 1024px) 100vw, 1024px\" \/><\/a><\/figure>\n\n\n\n<p><\/p>\n\n\n\n<h2 class=\"wp-block-heading has-medium-font-size\"><strong>\u0420\u043e\u0441\u0441\u0438\u0439\u0441\u043a\u0438\u0439 \u043e\u0442\u0437\u044b\u0432 \u0440\u0430\u0442\u0438\u0444\u0438\u043a\u0430\u0446\u0438\u0438 \u0414\u0412\u0417\u042f\u0418<\/strong><\/h2>\n\n\n\n<figure class=\"wp-block-image size-full is-resized\"><a href=\"https:\/\/topwar.ru\/229144-rossijskij-otzyv-ratifikacii-dvzjai-.html\"><img loading=\"lazy\" decoding=\"async\" width=\"954\" height=\"590\" src=\"https:\/\/c-cie.eu\/wp-content\/uploads\/2023\/11\/Capture.jpg\" alt=\"\" class=\"wp-image-1689\" style=\"width:626px;height:auto\" srcset=\"https:\/\/c-cie.eu\/wp-content\/uploads\/2023\/11\/Capture.jpg 954w, https:\/\/c-cie.eu\/wp-content\/uploads\/2023\/11\/Capture-300x186.jpg 300w, https:\/\/c-cie.eu\/wp-content\/uploads\/2023\/11\/Capture-768x475.jpg 768w, https:\/\/c-cie.eu\/wp-content\/uploads\/2023\/11\/Capture-18x12.jpg 18w\" sizes=\"(max-width: 954px) 100vw, 954px\" \/><\/a><\/figure>\n\n\n\n<hr class=\"wp-block-separator has-alpha-channel-opacity is-style-dots\" style=\"margin-top:var(--wp--preset--spacing--60);margin-bottom:var(--wp--preset--spacing--60)\"\/>\n\n\n\n<h2 class=\"wp-block-heading has-medium-font-size\"><strong>L\u2019Ukraine : Vers l&rsquo;effondrement de la r\u00e9putation occidentale<\/strong>   (06\/2023)<\/h2>\n\n\n\n<figure class=\"wp-block-image size-large is-resized\"><a href=\"https:\/\/c-cie.eu\/ru\/1698-2\/\"><img loading=\"lazy\" decoding=\"async\" width=\"1024\" height=\"671\" src=\"https:\/\/c-cie.eu\/wp-content\/uploads\/2023\/11\/louis-hansel-7RtM37cLJ3c-unsplash-1-1024x671.jpg\" alt=\"\" class=\"wp-image-1702\" style=\"width:628px;height:auto\" srcset=\"https:\/\/c-cie.eu\/wp-content\/uploads\/2023\/11\/louis-hansel-7RtM37cLJ3c-unsplash-1-1024x671.jpg 1024w, https:\/\/c-cie.eu\/wp-content\/uploads\/2023\/11\/louis-hansel-7RtM37cLJ3c-unsplash-1-300x197.jpg 300w, https:\/\/c-cie.eu\/wp-content\/uploads\/2023\/11\/louis-hansel-7RtM37cLJ3c-unsplash-1-768x503.jpg 768w, https:\/\/c-cie.eu\/wp-content\/uploads\/2023\/11\/louis-hansel-7RtM37cLJ3c-unsplash-1-18x12.jpg 18w, https:\/\/c-cie.eu\/wp-content\/uploads\/2023\/11\/louis-hansel-7RtM37cLJ3c-unsplash-1.jpg 1300w\" sizes=\"(max-width: 1024px) 100vw, 1024px\" \/><\/a><\/figure>\n\n\n\n<p><\/p>\n\n\n\n<h2 class=\"wp-block-heading has-medium-font-size\"><strong>\u0423\u043a\u0440\u0430\u0438\u043d\u0430: \u043d\u0430 \u043f\u0443\u0442\u0438 \u043a \u043a\u0440\u0430\u0445\u0443 \u0432\u043e\u0435\u043d\u043d\u043e-\u043f\u043e\u043b\u0438\u0442\u0438\u0447\u0435\u0441\u043a\u043e\u0439 \u0440\u0435\u043f\u0443\u0442\u0430\u0446\u0438\u0438 \u0417\u0430\u043f\u0430\u0434\u0430<\/strong><\/h2>\n\n\n\n<figure class=\"wp-block-image size-large is-resized\"><a href=\"https:\/\/topwar.ru\/221645-ukraina-na-puti-k-krahu-voenno-politicheskoj-reputacii-zapada.html\"><img loading=\"lazy\" decoding=\"async\" width=\"1024\" height=\"640\" src=\"https:\/\/c-cie.eu\/wp-content\/uploads\/2023\/11\/tensions-russie-usa-otan-1200-1024x640.jpg\" alt=\"\" class=\"wp-image-1703\" style=\"width:629px;height:auto\" srcset=\"https:\/\/c-cie.eu\/wp-content\/uploads\/2023\/11\/tensions-russie-usa-otan-1200-1024x640.jpg 1024w, https:\/\/c-cie.eu\/wp-content\/uploads\/2023\/11\/tensions-russie-usa-otan-1200-300x188.jpg 300w, https:\/\/c-cie.eu\/wp-content\/uploads\/2023\/11\/tensions-russie-usa-otan-1200-768x480.jpg 768w, https:\/\/c-cie.eu\/wp-content\/uploads\/2023\/11\/tensions-russie-usa-otan-1200-18x12.jpg 18w, https:\/\/c-cie.eu\/wp-content\/uploads\/2023\/11\/tensions-russie-usa-otan-1200.jpg 1200w\" sizes=\"(max-width: 1024px) 100vw, 1024px\" \/><\/a><\/figure>\n\n\n\n<hr class=\"wp-block-separator has-alpha-channel-opacity is-style-dots\" style=\"margin-top:var(--wp--preset--spacing--60);margin-bottom:var(--wp--preset--spacing--60)\"\/>\n\n\n\n<h2 class=\"wp-block-heading has-medium-font-size\"><strong>Sommet Russie-Afrique 2023<\/strong>  (07\/2023)<\/h2>\n\n\n\n<figure class=\"wp-block-image size-full is-resized\"><a href=\"https:\/\/c-cie.eu\/ru\/article-sommet-russie-afrique\/\"><img loading=\"lazy\" decoding=\"async\" width=\"1024\" height=\"682\" src=\"https:\/\/c-cie.eu\/wp-content\/uploads\/2023\/11\/Images_TASS-1.jpg\" alt=\"\" class=\"wp-image-1695\" style=\"width:627px;height:auto\" srcset=\"https:\/\/c-cie.eu\/wp-content\/uploads\/2023\/11\/Images_TASS-1.jpg 1024w, https:\/\/c-cie.eu\/wp-content\/uploads\/2023\/11\/Images_TASS-1-300x200.jpg 300w, https:\/\/c-cie.eu\/wp-content\/uploads\/2023\/11\/Images_TASS-1-768x512.jpg 768w, https:\/\/c-cie.eu\/wp-content\/uploads\/2023\/11\/Images_TASS-1-18x12.jpg 18w\" sizes=\"(max-width: 1024px) 100vw, 1024px\" \/><\/a><\/figure>\n\n\n\n<h2 class=\"wp-block-heading has-medium-font-size\"><strong>\u0421\u0430\u043c\u043c\u0438\u0442 \u00ab\u0420\u043e\u0441\u0441\u0438\u044f \u2013 \u0410\u0444\u0440\u0438\u043a\u0430 2023\u00bb<\/strong><\/h2>\n\n\n\n<figure class=\"wp-block-image size-full is-resized\"><a href=\"https:\/\/topwar.ru\/222598-sammit-rossija-afrika-2023.html\"><img loading=\"lazy\" decoding=\"async\" width=\"746\" height=\"420\" src=\"https:\/\/c-cie.eu\/wp-content\/uploads\/2023\/11\/rossiyaafrika3.jpeg\" alt=\"\" class=\"wp-image-1696\" style=\"width:627px;height:auto\" srcset=\"https:\/\/c-cie.eu\/wp-content\/uploads\/2023\/11\/rossiyaafrika3.jpeg 746w, https:\/\/c-cie.eu\/wp-content\/uploads\/2023\/11\/rossiyaafrika3-300x169.jpeg 300w, https:\/\/c-cie.eu\/wp-content\/uploads\/2023\/11\/rossiyaafrika3-18x10.jpeg 18w\" sizes=\"(max-width: 746px) 100vw, 746px\" \/><\/a><\/figure>\n\n\n\n<hr class=\"wp-block-separator has-alpha-channel-opacity is-style-dots\" style=\"margin-top:var(--wp--preset--spacing--60);margin-bottom:var(--wp--preset--spacing--60)\"\/>\n\n\n\n<h2 class=\"wp-block-heading has-medium-font-size\"><strong>&nbsp;l\u2019Holodomor&nbsp;\u00bb&nbsp;: la parade des irresponsables \u00e0 l&rsquo;Assembl\u00e9e Nationale<\/strong>  (04\/2023) <\/h2>\n\n\n\n<figure class=\"wp-block-image size-full is-resized\"><a href=\"https:\/\/c-cie.eu\/ru\/article-holodomor\/\"><img loading=\"lazy\" decoding=\"async\" width=\"800\" height=\"424\" src=\"https:\/\/c-cie.eu\/wp-content\/uploads\/2023\/11\/1-11.jpg\" alt=\"\" class=\"wp-image-1571\" style=\"width:627px;height:auto\" srcset=\"https:\/\/c-cie.eu\/wp-content\/uploads\/2023\/11\/1-11.jpg 800w, https:\/\/c-cie.eu\/wp-content\/uploads\/2023\/11\/1-11-300x159.jpg 300w, https:\/\/c-cie.eu\/wp-content\/uploads\/2023\/11\/1-11-768x407.jpg 768w, https:\/\/c-cie.eu\/wp-content\/uploads\/2023\/11\/1-11-18x10.jpg 18w\" sizes=\"(max-width: 800px) 100vw, 800px\" \/><\/a><\/figure>\n\n\n\n<h1 class=\"wp-block-heading has-ast-global-color-6-color has-text-color has-link-color has-medium-font-size wp-elements-ac6e29fbed98bc821b230309453cc224\"><strong>\u00ab \u0413\u043e\u043b\u043e\u0434\u043e\u043c\u043e\u0440 \u00bb: \u043f\u0430\u0440\u0430\u0434 \u0440\u0443\u0441\u043e\u0444\u043e\u0431\u0438\u0438 \u0438 \u043d\u0435\u0432\u0435\u0436\u0435\u0441\u0442\u0432\u0430 \u0432 \u041d\u0430\u0446\u0438\u043e\u043d\u0430\u043b\u044c\u043d\u043e\u043c \u0421\u043e\u0431\u0440\u0430\u043d\u0438\u0438 \u0424\u0440\u0430\u043d\u0446\u0438\u0438<\/strong><\/h1>\n\n\n\n<figure class=\"wp-block-image size-full is-resized\"><a href=\"https:\/\/npr.by\/golodomor-parad-rusofobii-i-nevezhestva-v-nacionalnom-sobranii-francii\/\"><img loading=\"lazy\" decoding=\"async\" width=\"900\" height=\"500\" src=\"https:\/\/c-cie.eu\/wp-content\/uploads\/2023\/11\/AF.jpg\" alt=\"\" class=\"wp-image-1576\" style=\"width:628px;height:auto\" srcset=\"https:\/\/c-cie.eu\/wp-content\/uploads\/2023\/11\/AF.jpg 900w, https:\/\/c-cie.eu\/wp-content\/uploads\/2023\/11\/AF-300x167.jpg 300w, https:\/\/c-cie.eu\/wp-content\/uploads\/2023\/11\/AF-768x427.jpg 768w, https:\/\/c-cie.eu\/wp-content\/uploads\/2023\/11\/AF-18x10.jpg 18w\" sizes=\"(max-width: 900px) 100vw, 900px\" \/><\/a><\/figure>\n\n\n\n<hr class=\"wp-block-separator has-alpha-channel-opacity is-style-dots\" style=\"margin-top:var(--wp--preset--spacing--60);margin-bottom:var(--wp--preset--spacing--60)\"\/>\n\n\n\n<h2 class=\"wp-block-heading has-ast-global-color-3-color has-text-color has-link-color has-medium-font-size wp-elements-5fc8e3f403a104aaf1f98478c75393b0\"><strong>Une petite le\u00e7on d\u2019histoire sur les v\u00e9ritables fondations des USA ou la gen\u00e8se des miroirs d\u00e9formants<\/strong>  (04\/2023)<\/h2>\n\n\n\n<figure class=\"wp-block-image size-full is-resized\"><a href=\"https:\/\/c-cie.eu\/ru\/histoire-usa\/\"><img loading=\"lazy\" decoding=\"async\" width=\"1300\" height=\"854\" src=\"https:\/\/c-cie.eu\/wp-content\/uploads\/2023\/11\/1-7.jpg\" alt=\"\" class=\"wp-image-1290\" style=\"width:627px;height:auto\" srcset=\"https:\/\/c-cie.eu\/wp-content\/uploads\/2023\/11\/1-7.jpg 1300w, https:\/\/c-cie.eu\/wp-content\/uploads\/2023\/11\/1-7-300x197.jpg 300w, https:\/\/c-cie.eu\/wp-content\/uploads\/2023\/11\/1-7-1024x673.jpg 1024w, https:\/\/c-cie.eu\/wp-content\/uploads\/2023\/11\/1-7-768x505.jpg 768w, https:\/\/c-cie.eu\/wp-content\/uploads\/2023\/11\/1-7-18x12.jpg 18w\" sizes=\"(max-width: 1300px) 100vw, 1300px\" \/><\/a><\/figure>\n\n\n\n<h1 class=\"wp-block-heading has-ast-global-color-3-color has-text-color has-link-color has-medium-font-size wp-elements-03b68bee6b9924ab3591512d41703652\"><strong>\u041d\u0435\u0431\u043e\u043b\u044c\u0448\u043e\u0439 \u0443\u0440\u043e\u043a \u0438\u0441\u0442\u043e\u0440\u0438\u0438 \u043e\u0431 \u0438\u0441\u0442\u0438\u043d\u043d\u043e\u043c \u043e\u0441\u043d\u043e\u0432\u0430\u043d\u0438\u0438 \u0421\u0428\u0410<\/strong><\/h1>\n\n\n\n<figure class=\"wp-block-image size-large is-resized\"><a href=\"http:\/\/suzhdenia.ruspole.info\/node\/15505\"><img loading=\"lazy\" decoding=\"async\" width=\"1024\" height=\"424\" src=\"https:\/\/c-cie.eu\/wp-content\/uploads\/2023\/11\/2-5-1024x424.jpg\" alt=\"\" class=\"wp-image-1293\" style=\"width:628px;height:auto\" srcset=\"https:\/\/c-cie.eu\/wp-content\/uploads\/2023\/11\/2-5-1024x424.jpg 1024w, https:\/\/c-cie.eu\/wp-content\/uploads\/2023\/11\/2-5-300x124.jpg 300w, https:\/\/c-cie.eu\/wp-content\/uploads\/2023\/11\/2-5-768x318.jpg 768w, https:\/\/c-cie.eu\/wp-content\/uploads\/2023\/11\/2-5-18x7.jpg 18w, https:\/\/c-cie.eu\/wp-content\/uploads\/2023\/11\/2-5.jpg 1237w\" sizes=\"(max-width: 1024px) 100vw, 1024px\" \/><\/a><\/figure>\n\n\n\n<hr class=\"wp-block-separator has-alpha-channel-opacity is-style-dots\" style=\"margin-top:var(--wp--preset--spacing--60);margin-bottom:var(--wp--preset--spacing--60)\"\/>\n\n\n\n<h2 class=\"wp-block-heading has-medium-font-size\"><strong>L\u2019Ukraine : la frappe meurtri\u00e8re sur l\u2019immeuble r\u00e9sidentiel \u00e0 Slaviansk par un&nbsp;missile \u00ab russe \u00bb  <\/strong> (04\/2023)<\/h2>\n\n\n\n<figure class=\"wp-block-image size-full is-resized\"><a href=\"https:\/\/c-cie.eu\/ru\/article-frappe-sur-slaviansk\/\"><img loading=\"lazy\" decoding=\"async\" width=\"538\" height=\"429\" src=\"https:\/\/c-cie.eu\/wp-content\/uploads\/2023\/11\/Sans-titre-True-Color-01-4.jpg\" alt=\"\" class=\"wp-image-1679\" style=\"width:626px;height:auto\" srcset=\"https:\/\/c-cie.eu\/wp-content\/uploads\/2023\/11\/Sans-titre-True-Color-01-4.jpg 538w, https:\/\/c-cie.eu\/wp-content\/uploads\/2023\/11\/Sans-titre-True-Color-01-4-300x239.jpg 300w, https:\/\/c-cie.eu\/wp-content\/uploads\/2023\/11\/Sans-titre-True-Color-01-4-15x12.jpg 15w\" sizes=\"(max-width: 538px) 100vw, 538px\" \/><\/a><\/figure>\n\n\n\n<hr class=\"wp-block-separator has-alpha-channel-opacity is-style-dots\" style=\"margin-top:var(--wp--preset--spacing--60);margin-bottom:var(--wp--preset--spacing--60)\"\/>\n\n\n\n<h2 class=\"wp-block-heading has-medium-font-size\"><strong>L&rsquo;Ukraine : La pr\u00e9paration de la capitulation<\/strong> (11\/2023)<\/h2>\n\n\n\n<figure class=\"wp-block-image size-full is-resized\"><a href=\"https:\/\/c-cie.eu\/ru\/publications-par-pays-preparation-de-la-capitulation\/\"><img loading=\"lazy\" decoding=\"async\" width=\"1177\" height=\"826\" src=\"https:\/\/c-cie.eu\/wp-content\/uploads\/2023\/12\/2-8.jpg\" alt=\"\" class=\"wp-image-4984\" style=\"width:628px;height:auto\" srcset=\"https:\/\/c-cie.eu\/wp-content\/uploads\/2023\/12\/2-8.jpg 1177w, https:\/\/c-cie.eu\/wp-content\/uploads\/2023\/12\/2-8-300x211.jpg 300w, https:\/\/c-cie.eu\/wp-content\/uploads\/2023\/12\/2-8-1024x719.jpg 1024w, https:\/\/c-cie.eu\/wp-content\/uploads\/2023\/12\/2-8-768x539.jpg 768w, https:\/\/c-cie.eu\/wp-content\/uploads\/2023\/12\/2-8-18x12.jpg 18w\" sizes=\"(max-width: 1177px) 100vw, 1177px\" \/><\/a><\/figure>\n\n\n\n<h1 class=\"wp-block-heading has-medium-font-size\"><strong>\u0423\u043a\u0440\u0430\u0438\u043d\u0430. \u041f\u043e\u0434\u0433\u043e\u0442\u043e\u0432\u043a\u0430 \u043a \u043a\u0430\u043f\u0438\u0442\u0443\u043b\u044f\u0446\u0438\u0438<\/strong> <\/h1>\n\n\n\n<figure class=\"wp-block-image size-full is-resized\"><a href=\"https:\/\/topwar.ru\/232115-ukraina-podgotovka-k-kapituljacii.html\"><img loading=\"lazy\" decoding=\"async\" width=\"795\" height=\"465\" src=\"https:\/\/c-cie.eu\/wp-content\/uploads\/2023\/12\/Capture-1.jpg\" alt=\"\" class=\"wp-image-4986\" style=\"width:626px;height:auto\" srcset=\"https:\/\/c-cie.eu\/wp-content\/uploads\/2023\/12\/Capture-1.jpg 795w, https:\/\/c-cie.eu\/wp-content\/uploads\/2023\/12\/Capture-1-300x175.jpg 300w, https:\/\/c-cie.eu\/wp-content\/uploads\/2023\/12\/Capture-1-768x449.jpg 768w, https:\/\/c-cie.eu\/wp-content\/uploads\/2023\/12\/Capture-1-18x12.jpg 18w\" sizes=\"(max-width: 795px) 100vw, 795px\" \/><\/a><\/figure>\n\n\n\n<hr class=\"wp-block-separator has-alpha-channel-opacity is-style-dots\" style=\"margin-top:var(--wp--preset--spacing--60);margin-bottom:var(--wp--preset--spacing--60)\"\/>\n\n\n\n<h1 class=\"wp-block-heading has-ast-global-color-3-color has-text-color has-link-color has-medium-font-size wp-elements-a1531a56a1c51dc8744157e36a4e1826\"><strong>\u0421\u0438\u0442\u0443\u0430\u0446\u0438\u044e \u0441 \u0440\u0443\u0441\u0441\u043a\u0438\u043c \u043a\u043b\u0430\u0434\u0431\u0438\u0449\u0435\u043c \u0421\u0435\u043d\u0442-\u0416\u0435\u043d\u0435\u0432\u044c\u0435\u0432-\u0434\u0435-\u0411\u0443\u0430 \u043d\u0430\u0437\u0432\u0430\u043b\u0438 \u00ab\u043c\u0435\u0440\u0437\u043a\u0438\u043c \u043f\u043e\u043b\u0438\u0442\u0438\u0447\u0435\u0441\u043a\u0438\u043c \u0445\u043e\u0434\u043e\u043c\u00bb <\/strong>(01\/2023) \/Interview <\/h1>\n\n\n\n<figure class=\"wp-block-image size-full is-resized\"><a href=\"https:\/\/www.mk.ru\/social\/2023\/01\/17\/situaciyu-s-russkim-kladbishhem-sentzhenevevdebua-nazvali-merzkim-politicheskim-khodom.html\"><img loading=\"lazy\" decoding=\"async\" width=\"946\" height=\"631\" src=\"https:\/\/c-cie.eu\/wp-content\/uploads\/2023\/11\/18c206_a9624d09766a466699f75f952c1e2cbb-1.webp\" alt=\"\" class=\"wp-image-1300\" style=\"width:625px;height:auto\" srcset=\"https:\/\/c-cie.eu\/wp-content\/uploads\/2023\/11\/18c206_a9624d09766a466699f75f952c1e2cbb-1.webp 946w, https:\/\/c-cie.eu\/wp-content\/uploads\/2023\/11\/18c206_a9624d09766a466699f75f952c1e2cbb-1-300x200.webp 300w, https:\/\/c-cie.eu\/wp-content\/uploads\/2023\/11\/18c206_a9624d09766a466699f75f952c1e2cbb-1-768x512.webp 768w, https:\/\/c-cie.eu\/wp-content\/uploads\/2023\/11\/18c206_a9624d09766a466699f75f952c1e2cbb-1-18x12.webp 18w\" sizes=\"(max-width: 946px) 100vw, 946px\" \/><\/a><\/figure>\n\n\n\n<hr class=\"wp-block-separator has-alpha-channel-opacity is-style-dots\" style=\"margin-top:var(--wp--preset--spacing--60);margin-bottom:var(--wp--preset--spacing--60)\"\/>\n\n\n\n<h2 class=\"wp-block-heading has-vivid-red-color has-text-color has-link-color has-x-large-font-size wp-elements-18a5b730dacf25ac9c6cc75cfc088326\">2022<\/h2>\n\n\n\n<h1 class=\"wp-block-heading has-ast-global-color-3-color has-text-color has-link-color has-medium-font-size wp-elements-19126f5399fc058d48e570e5a9eb2633\"><strong>Russie-Ukraine : Une guerre fratricide<\/strong> (09\/2022) \/Interview <\/h1>\n\n\n\n<figure class=\"wp-block-image size-large is-resized\"><a href=\"https:\/\/c-cie.eu\/ru\/russie-ukraine-une-guerre-fratricide\/\"><img loading=\"lazy\" decoding=\"async\" width=\"1024\" height=\"522\" src=\"https:\/\/c-cie.eu\/wp-content\/uploads\/2023\/11\/az-3-1024x522.jpg\" alt=\"\" class=\"wp-image-1302\" style=\"width:631px;height:auto\" srcset=\"https:\/\/c-cie.eu\/wp-content\/uploads\/2023\/11\/az-3-1024x522.jpg 1024w, https:\/\/c-cie.eu\/wp-content\/uploads\/2023\/11\/az-3-300x153.jpg 300w, https:\/\/c-cie.eu\/wp-content\/uploads\/2023\/11\/az-3-768x392.jpg 768w, https:\/\/c-cie.eu\/wp-content\/uploads\/2023\/11\/az-3-18x9.jpg 18w, https:\/\/c-cie.eu\/wp-content\/uploads\/2023\/11\/az-3.jpg 1496w\" sizes=\"(max-width: 1024px) 100vw, 1024px\" \/><\/a><\/figure>\n\n\n\n<hr class=\"wp-block-separator has-alpha-channel-opacity is-style-dots\" style=\"margin-top:var(--wp--preset--spacing--60);margin-bottom:var(--wp--preset--spacing--60)\"\/>\n\n\n\n<h2 class=\"wp-block-heading has-text-color has-link-color has-x-large-font-size wp-elements-0fd56f83d1e1c9a209134cb8920bce0e\" style=\"color:#0f1aff;text-decoration:underline\"><a href=\"https:\/\/c-cie.eu\/ru\/publications-rus-2004\/\">2004<\/a><\/h2>\n\n\n\n<div style=\"height:100px\" aria-hidden=\"true\" class=\"wp-block-spacer\"><\/div>\n\n\n\n<hr class=\"wp-block-separator has-alpha-channel-opacity is-style-dots\" style=\"margin-top:var(--wp--preset--spacing--60);margin-bottom:var(--wp--preset--spacing--60)\"\/>\n\n\n\n<figure class=\"wp-block-embed is-type-video is-provider-youtube wp-block-embed-youtube wp-embed-aspect-16-9 wp-has-aspect-ratio\"><div class=\"wp-block-embed__wrapper\">\n<iframe title=\"\u201eOhne den Putsch von 2014 w\u00fcrde die Ukraine in Frieden leben\u201c Teil 1 \u2013 Interview mit Oleg Nesterenko\" width=\"500\" height=\"281\" src=\"https:\/\/www.youtube.com\/embed\/K1XBtOcZlNM?feature=oembed\" frameborder=\"0\" allow=\"accelerometer; autoplay; clipboard-write; encrypted-media; gyroscope; picture-in-picture; web-share\" referrerpolicy=\"strict-origin-when-cross-origin\" allowfullscreen><\/iframe>\n<\/div><\/figure>\n\n\n\n<div style=\"height:100px\" aria-hidden=\"true\" class=\"wp-block-spacer\"><\/div>\n\n\n\n<figure class=\"wp-block-embed is-type-video is-provider-youtube wp-block-embed-youtube wp-embed-aspect-16-9 wp-has-aspect-ratio\"><div class=\"wp-block-embed__wrapper\">\n<iframe title=\"\u201eDer Krieg in der Ukraine ist ein Krieg um den Dollar\u201c Teil 2 von 3 \u2013 Interview mit Oleg Nesterenko\" width=\"500\" height=\"281\" src=\"https:\/\/www.youtube.com\/embed\/Mj4gIWNN90s?feature=oembed\" frameborder=\"0\" allow=\"accelerometer; autoplay; clipboard-write; encrypted-media; gyroscope; picture-in-picture; web-share\" referrerpolicy=\"strict-origin-when-cross-origin\" allowfullscreen><\/iframe>\n<\/div><\/figure>\n\n\n\n<div style=\"height:100px\" aria-hidden=\"true\" class=\"wp-block-spacer\"><\/div>\n\n\n\n<figure class=\"wp-block-embed is-type-video is-provider-youtube wp-block-embed-youtube wp-embed-aspect-16-9 wp-has-aspect-ratio\"><div class=\"wp-block-embed__wrapper\">\n<iframe title=\"\u201eMeinungsfreiheit im Westen ist nur eine vorformatierte und vorkonditionierte Erz\u00e4hlung\u201d Teil 3 von3\" width=\"500\" height=\"281\" src=\"https:\/\/www.youtube.com\/embed\/aPfsXGVtKUk?feature=oembed\" frameborder=\"0\" allow=\"accelerometer; autoplay; clipboard-write; encrypted-media; gyroscope; picture-in-picture; web-share\" referrerpolicy=\"strict-origin-when-cross-origin\" allowfullscreen><\/iframe>\n<\/div><\/figure>\n\n\n\n<div style=\"height:100px\" aria-hidden=\"true\" class=\"wp-block-spacer\"><\/div>\n\n\n\n<figure class=\"wp-block-embed is-type-video is-provider-youtube wp-block-embed-youtube wp-embed-aspect-16-9 wp-has-aspect-ratio\"><div class=\"wp-block-embed__wrapper\">\n<iframe title=\"VISITE D\u2019ETAT PRESIDENT ALGERIEN\" width=\"500\" height=\"281\" src=\"https:\/\/www.youtube.com\/embed\/oHHB8YzmXQw?feature=oembed\" frameborder=\"0\" allow=\"accelerometer; autoplay; clipboard-write; encrypted-media; gyroscope; picture-in-picture; web-share\" referrerpolicy=\"strict-origin-when-cross-origin\" allowfullscreen><\/iframe>\n<\/div><\/figure>\n\n\n\n<div style=\"height:100px\" aria-hidden=\"true\" class=\"wp-block-spacer\"><\/div>\n\n\n\n<figure class=\"wp-block-embed is-type-video is-provider-youtube wp-block-embed-youtube wp-embed-aspect-16-9 wp-has-aspect-ratio\"><div class=\"wp-block-embed__wrapper\">\n<iframe title=\"RADIO ALGER CHAINE 3 - 13.02.2023\" width=\"500\" height=\"281\" src=\"https:\/\/www.youtube.com\/embed\/bHg7ruKR7Wo?feature=oembed\" frameborder=\"0\" allow=\"accelerometer; autoplay; clipboard-write; encrypted-media; gyroscope; picture-in-picture; web-share\" referrerpolicy=\"strict-origin-when-cross-origin\" allowfullscreen><\/iframe>\n<\/div><\/figure>\n\n\n\n<div style=\"height:100px\" aria-hidden=\"true\" class=\"wp-block-spacer\"><\/div>\n\n\n\n<figure class=\"wp-block-embed is-type-video is-provider-youtube wp-block-embed-youtube wp-embed-aspect-16-9 wp-has-aspect-ratio\"><div class=\"wp-block-embed__wrapper\">\n<iframe title=\"Johann Schmonsees, Gerco van Deventer et Oleg Nesterenko, reviennent sur des questions d&#039;Actualit\u00e9\" width=\"500\" height=\"281\" src=\"https:\/\/www.youtube.com\/embed\/2fgrSiKX5bw?start=3&#038;feature=oembed\" frameborder=\"0\" allow=\"accelerometer; autoplay; clipboard-write; encrypted-media; gyroscope; picture-in-picture; web-share\" referrerpolicy=\"strict-origin-when-cross-origin\" allowfullscreen><\/iframe>\n<\/div><\/figure>\n\n\n\n<div style=\"height:100px\" aria-hidden=\"true\" class=\"wp-block-spacer\"><\/div>\n\n\n\n<figure class=\"wp-block-embed is-type-video is-provider-youtube wp-block-embed-youtube wp-embed-aspect-16-9 wp-has-aspect-ratio\"><div class=\"wp-block-embed__wrapper\">\n<iframe title=\"Il Regno Unito e i suoi crimini contro l&#039;umanit\u00e0 nel corso della storia - Oleg Nesterenko\" width=\"500\" height=\"281\" src=\"https:\/\/www.youtube.com\/embed\/3GafsWVrJOo?feature=oembed\" frameborder=\"0\" allow=\"accelerometer; autoplay; clipboard-write; encrypted-media; gyroscope; picture-in-picture; web-share\" referrerpolicy=\"strict-origin-when-cross-origin\" allowfullscreen><\/iframe>\n<\/div><\/figure>\n\n\n\n<div style=\"height:100px\" aria-hidden=\"true\" class=\"wp-block-spacer\"><\/div>\n\n\n\n<figure class=\"wp-block-image size-full\"><img loading=\"lazy\" decoding=\"async\" width=\"1228\" height=\"1737\" src=\"https:\/\/c-cie.eu\/wp-content\/uploads\/2023\/11\/1-.jpg\" alt=\"\" class=\"wp-image-1544\" srcset=\"https:\/\/c-cie.eu\/wp-content\/uploads\/2023\/11\/1-.jpg 1228w, https:\/\/c-cie.eu\/wp-content\/uploads\/2023\/11\/1--212x300.jpg 212w, https:\/\/c-cie.eu\/wp-content\/uploads\/2023\/11\/1--724x1024.jpg 724w, https:\/\/c-cie.eu\/wp-content\/uploads\/2023\/11\/1--768x1086.jpg 768w, https:\/\/c-cie.eu\/wp-content\/uploads\/2023\/11\/1--1086x1536.jpg 1086w, https:\/\/c-cie.eu\/wp-content\/uploads\/2023\/11\/1--8x12.jpg 8w\" sizes=\"(max-width: 1228px) 100vw, 1228px\" \/><\/figure>\n\n\n\n<p><\/p>\n\n\n\n<figure class=\"wp-block-image size-full\"><img loading=\"lazy\" decoding=\"async\" width=\"1220\" height=\"1768\" src=\"https:\/\/c-cie.eu\/wp-content\/uploads\/2024\/03\/1-1.jpg\" alt=\"\" class=\"wp-image-5373\" srcset=\"https:\/\/c-cie.eu\/wp-content\/uploads\/2024\/03\/1-1.jpg 1220w, https:\/\/c-cie.eu\/wp-content\/uploads\/2024\/03\/1-1-207x300.jpg 207w, https:\/\/c-cie.eu\/wp-content\/uploads\/2024\/03\/1-1-707x1024.jpg 707w, https:\/\/c-cie.eu\/wp-content\/uploads\/2024\/03\/1-1-768x1113.jpg 768w, https:\/\/c-cie.eu\/wp-content\/uploads\/2024\/03\/1-1-1060x1536.jpg 1060w, https:\/\/c-cie.eu\/wp-content\/uploads\/2024\/03\/1-1-8x12.jpg 8w\" sizes=\"(max-width: 1220px) 100vw, 1220px\" \/><\/figure>\n\n\n\n<figure class=\"wp-block-image alignwide size-full\"><img loading=\"lazy\" decoding=\"async\" width=\"713\" height=\"900\" src=\"https:\/\/c-cie.eu\/wp-content\/uploads\/2026\/03\/ContraPortada905.jpg\" alt=\"\" class=\"wp-image-12457\" srcset=\"https:\/\/c-cie.eu\/wp-content\/uploads\/2026\/03\/ContraPortada905.jpg 713w, https:\/\/c-cie.eu\/wp-content\/uploads\/2026\/03\/ContraPortada905-238x300.jpg 238w, https:\/\/c-cie.eu\/wp-content\/uploads\/2026\/03\/ContraPortada905-10x12.jpg 10w\" sizes=\"(max-width: 713px) 100vw, 713px\" \/><\/figure>","protected":false},"excerpt":{"rendered":"<p>Publications &amp; interview \/\u041f\u0443\u0431\u043b\u0438\u043a\u0430\u0446\u0438\u0438 &amp; \u0438\u043d\u0442\u0435\u0440\u0432\u044c\u044e 2026 Le 20\u00e8me\u00a0paquet de sanctions\u00a0: la r\u00e9action des march\u00e9s russes (04\/2026) Interview \u00e0 la radio \u00ab&nbsp;Alger-III&nbsp;\u00bb&nbsp;sur la position de la Russie dans la guerre en Iran (minutes 10:33-28:36)&nbsp;(03\/2026) \u00ab\u00a0Les sanctions europ\u00e9ennes ont permis de restructurer l\u2019\u00e9conomie russe\u00a0\u00bb Radio Sputnik (03\/2026) &lt; Transcription int\u00e9grale &gt; Aucune guerre ne vaut la [&hellip;]<\/p>\n","protected":false},"author":2,"featured_media":0,"parent":0,"menu_order":0,"comment_status":"closed","ping_status":"closed","template":"","meta":{"site-sidebar-layout":"default","site-content-layout":"","ast-site-content-layout":"default","site-content-style":"default","site-sidebar-style":"default","ast-global-header-display":"","ast-banner-title-visibility":"","ast-main-header-display":"","ast-hfb-above-header-display":"","ast-hfb-below-header-display":"","ast-hfb-mobile-header-display":"","site-post-title":"disabled","ast-breadcrumbs-content":"","ast-featured-img":"","footer-sml-layout":"","ast-disable-related-posts":"","theme-transparent-header-meta":"","adv-header-id-meta":"","stick-header-meta":"","header-above-stick-meta":"","header-main-stick-meta":"","header-below-stick-meta":"","astra-migrate-meta-layouts":"set","ast-page-background-enabled":"default","ast-page-background-meta":{"desktop":{"background-color":"","background-image":"","background-repeat":"repeat","background-position":"center center","background-size":"auto","background-attachment":"scroll","background-type":"","background-media":"","overlay-type":"","overlay-color":"","overlay-opacity":"","overlay-gradient":""},"tablet":{"background-color":"","background-image":"","background-repeat":"repeat","background-position":"center center","background-size":"auto","background-attachment":"scroll","background-type":"","background-media":"","overlay-type":"","overlay-color":"","overlay-opacity":"","overlay-gradient":""},"mobile":{"background-color":"","background-image":"","background-repeat":"repeat","background-position":"center center","background-size":"auto","background-attachment":"scroll","background-type":"","background-media":"","overlay-type":"","overlay-color":"","overlay-opacity":"","overlay-gradient":""}},"ast-content-background-meta":{"desktop":{"background-color":"var(--ast-global-color-5)","background-image":"","background-repeat":"repeat","background-position":"center center","background-size":"auto","background-attachment":"scroll","background-type":"","background-media":"","overlay-type":"","overlay-color":"","overlay-opacity":"","overlay-gradient":""},"tablet":{"background-color":"var(--ast-global-color-5)","background-image":"","background-repeat":"repeat","background-position":"center center","background-size":"auto","background-attachment":"scroll","background-type":"","background-media":"","overlay-type":"","overlay-color":"","overlay-opacity":"","overlay-gradient":""},"mobile":{"background-color":"var(--ast-global-color-5)","background-image":"","background-repeat":"repeat","background-position":"center center","background-size":"auto","background-attachment":"scroll","background-type":"","background-media":"","overlay-type":"","overlay-color":"","overlay-opacity":"","overlay-gradient":""}},"footnotes":""},"class_list":["post-1245","page","type-page","status-publish","hentry"],"_links":{"self":[{"href":"https:\/\/c-cie.eu\/ru\/wp-json\/wp\/v2\/pages\/1245","targetHints":{"allow":["GET"]}}],"collection":[{"href":"https:\/\/c-cie.eu\/ru\/wp-json\/wp\/v2\/pages"}],"about":[{"href":"https:\/\/c-cie.eu\/ru\/wp-json\/wp\/v2\/types\/page"}],"author":[{"embeddable":true,"href":"https:\/\/c-cie.eu\/ru\/wp-json\/wp\/v2\/users\/2"}],"replies":[{"embeddable":true,"href":"https:\/\/c-cie.eu\/ru\/wp-json\/wp\/v2\/comments?post=1245"}],"version-history":[{"count":257,"href":"https:\/\/c-cie.eu\/ru\/wp-json\/wp\/v2\/pages\/1245\/revisions"}],"predecessor-version":[{"id":12607,"href":"https:\/\/c-cie.eu\/ru\/wp-json\/wp\/v2\/pages\/1245\/revisions\/12607"}],"wp:attachment":[{"href":"https:\/\/c-cie.eu\/ru\/wp-json\/wp\/v2\/media?parent=1245"}],"curies":[{"name":"wp","href":"https:\/\/api.w.org\/{rel}","templated":true}]}}